{"id":786,"date":"2017-11-06T17:28:58","date_gmt":"2017-11-06T17:28:58","guid":{"rendered":"https:\/\/www.palaciorealtestamentario.es\/?page_id=786"},"modified":"2017-11-18T17:14:04","modified_gmt":"2017-11-18T17:14:04","slug":"planifica-tu-visita","status":"publish","type":"page","link":"https:\/\/www.palaciorealtestamentario.es\/fr\/planifica-tu-visita\/","title":{"rendered":"PLANIFIEZ VOSTRE VISITE"},"content":{"rendered":"<p>[et_pb_section bb_built=\u00a0\u00bb1&Prime; admin_label=\u00a0\u00bbsection\u00a0\u00bb inner_shadow=\u00a0\u00bboff\u00a0\u00bb parallax=\u00a0\u00bboff\u00a0\u00bb transparent_background=\u00a0\u00bboff\u00a0\u00bb background_color=\u00a0\u00bb#e5e5e5&Prime; allow_player_pause=\u00a0\u00bboff\u00a0\u00bb parallax_method=\u00a0\u00bbon\u00a0\u00bb make_fullwidth=\u00a0\u00bboff\u00a0\u00bb use_custom_width=\u00a0\u00bboff\u00a0\u00bb width_unit=\u00a0\u00bbon\u00a0\u00bb make_equal=\u00a0\u00bboff\u00a0\u00bb use_custom_gutter=\u00a0\u00bboff\u00a0\u00bb][et_pb_row admin_label=\u00a0\u00bbrow\u00a0\u00bb][et_pb_column type=\u00a0\u00bb1_4&Prime;][et_pb_blurb admin_label=\u00a0\u00bbHORARIOS\u00a0\u00bb title=\u00a0\u00bbHORARIES ET TARIFS\u00a0\u00bb url_new_window=\u00a0\u00bboff\u00a0\u00bb image=\u00a0\u00bbhttps:\/\/www.palaciorealtestamentario.es\/wp-content\/uploads\/2017\/03\/plani_reloj.png\u00a0\u00bb animation=\u00a0\u00bbtop\u00a0\u00bb background_layout=\u00a0\u00bblight\u00a0\u00bb text_orientation=\u00a0\u00bbcenter\u00a0\u00bb use_icon=\u00a0\u00bboff\u00a0\u00bb icon_color=\u00a0\u00bb#108bf5&Prime; use_circle=\u00a0\u00bboff\u00a0\u00bb circle_color=\u00a0\u00bb#108bf5&Prime; use_circle_border=\u00a0\u00bboff\u00a0\u00bb circle_border_color=\u00a0\u00bb#108bf5&Prime; icon_placement=\u00a0\u00bbtop\u00a0\u00bb use_icon_font_size=\u00a0\u00bboff\u00a0\u00bb use_border_color=\u00a0\u00bboff\u00a0\u00bb border_color=\u00a0\u00bb#ffffff\u00a0\u00bb border_style=\u00a0\u00bbsolid\u00a0\u00bb url=\u00a0\u00bbhttps:\/\/www.palaciorealtestamentario.es\/fr\/horarios-y-tarifas\/\u00a0\u00bb]<\/p>\n<p><span id=\"result_box\" class=\"short_text\" lang=\"fr\"><span class=\"\">V\u00e9rifier les horaires de visite<\/span><\/span><\/p>\n<p>[\/et_pb_blurb][\/et_pb_column][et_pb_column type=\u00a0\u00bb1_4&Prime;][et_pb_blurb admin_label=\u00a0\u00bbCOMO VISITAR\u00a0\u00bb title=\u00a0\u00bb TYPOLOGIES DE VISITE\u00a0\u00bb url_new_window=\u00a0\u00bboff\u00a0\u00bb image=\u00a0\u00bbhttps:\/\/www.palaciorealtestamentario.es\/wp-content\/uploads\/2017\/03\/plani_conoce.png\u00a0\u00bb animation=\u00a0\u00bbtop\u00a0\u00bb background_layout=\u00a0\u00bblight\u00a0\u00bb text_orientation=\u00a0\u00bbcenter\u00a0\u00bb use_icon=\u00a0\u00bboff\u00a0\u00bb icon_color=\u00a0\u00bb#108bf5&Prime; use_circle=\u00a0\u00bboff\u00a0\u00bb circle_color=\u00a0\u00bb#108bf5&Prime; use_circle_border=\u00a0\u00bboff\u00a0\u00bb circle_border_color=\u00a0\u00bb#108bf5&Prime; icon_placement=\u00a0\u00bbtop\u00a0\u00bb use_icon_font_size=\u00a0\u00bboff\u00a0\u00bb use_border_color=\u00a0\u00bboff\u00a0\u00bb border_color=\u00a0\u00bb#ffffff\u00a0\u00bb border_style=\u00a0\u00bbsolid\u00a0\u00bb url=\u00a0\u00bbhttps:\/\/www.palaciorealtestamentario.es\/fr\/como-visitarnos\/\u00a0\u00bb]<\/p>\n<p><span id=\"result_box\" class=\"short_text\" lang=\"fr\"><span class=\"\">Apprenez \u00e0 visiter le palais<\/span><\/span><\/p>\n<p>[\/et_pb_blurb][\/et_pb_column][et_pb_column type=\u00a0\u00bb1_4&Prime;][et_pb_blurb admin_label=\u00a0\u00bbA\u00d1ADE VISITAS\u00a0\u00bb title=\u00a0\u00bb AJOUTER DES VISITES\u00a0\u00bb url_new_window=\u00a0\u00bboff\u00a0\u00bb image=\u00a0\u00bbhttps:\/\/www.palaciorealtestamentario.es\/wp-content\/uploads\/2017\/03\/plani_add.png\u00a0\u00bb animation=\u00a0\u00bbtop\u00a0\u00bb background_layout=\u00a0\u00bblight\u00a0\u00bb text_orientation=\u00a0\u00bbcenter\u00a0\u00bb use_icon=\u00a0\u00bboff\u00a0\u00bb icon_color=\u00a0\u00bb#108bf5&Prime; use_circle=\u00a0\u00bboff\u00a0\u00bb circle_color=\u00a0\u00bb#108bf5&Prime; use_circle_border=\u00a0\u00bboff\u00a0\u00bb circle_border_color=\u00a0\u00bb#108bf5&Prime; icon_placement=\u00a0\u00bbtop\u00a0\u00bb use_icon_font_size=\u00a0\u00bboff\u00a0\u00bb use_border_color=\u00a0\u00bboff\u00a0\u00bb border_color=\u00a0\u00bb#ffffff\u00a0\u00bb border_style=\u00a0\u00bbsolid\u00a0\u00bb url=\u00a0\u00bbhttps:\/\/www.palaciorealtestamentario.es\/fr\/visitas-conjuntas\u00a0\u00bb]<\/p>\n<p><span id=\"result_box\" class=\"short_text\" lang=\"fr\"><span class=\"\">Joindre des visites avec d&rsquo;autres ressources<\/span><\/span><\/p>\n<p>[\/et_pb_blurb][\/et_pb_column][et_pb_column type=\u00a0\u00bb1_4&Prime;][et_pb_blurb admin_label=\u00a0\u00bbENCUENTRANOS\u00a0\u00bb title=\u00a0\u00bbTROUVEZ-NOUS\u00a0\u00bb url_new_window=\u00a0\u00bboff\u00a0\u00bb image=\u00a0\u00bbhttps:\/\/www.palaciorealtestamentario.es\/wp-content\/uploads\/2017\/04\/plani_location.png\u00a0\u00bb animation=\u00a0\u00bbtop\u00a0\u00bb background_layout=\u00a0\u00bblight\u00a0\u00bb text_orientation=\u00a0\u00bbcenter\u00a0\u00bb use_icon=\u00a0\u00bboff\u00a0\u00bb icon_color=\u00a0\u00bb#108bf5&Prime; use_circle=\u00a0\u00bboff\u00a0\u00bb circle_color=\u00a0\u00bb#108bf5&Prime; use_circle_border=\u00a0\u00bboff\u00a0\u00bb circle_border_color=\u00a0\u00bb#108bf5&Prime; icon_placement=\u00a0\u00bbtop\u00a0\u00bb use_icon_font_size=\u00a0\u00bboff\u00a0\u00bb use_border_color=\u00a0\u00bboff\u00a0\u00bb border_color=\u00a0\u00bb#ffffff\u00a0\u00bb border_style=\u00a0\u00bbsolid\u00a0\u00bb url=\u00a0\u00bbhttps:\/\/www.palaciorealtestamentario.es\/fr\/encuentranos\u00a0\u00bb]<\/p>\n<p><span id=\"result_box\" class=\"short_text\" lang=\"fr\"><span class=\"\">Comment se rendre au palais<\/span><\/span><\/p>\n<p>[\/et_pb_blurb][\/et_pb_column][\/et_pb_row][\/et_pb_section][et_pb_section bb_built=\u00a0\u00bb1&Prime; admin_label=\u00a0\u00bbsection\u00a0\u00bb fullwidth=\u00a0\u00bboff\u00a0\u00bb specialty=\u00a0\u00bboff\u00a0\u00bb background_color=\u00a0\u00bb#f7f7f7&Prime; inner_shadow=\u00a0\u00bbon\u00a0\u00bb parallax=\u00a0\u00bboff\u00a0\u00bb][et_pb_row admin_label=\u00a0\u00bbrow\u00a0\u00bb][et_pb_column type=\u00a0\u00bb4_4&Prime;][et_pb_text admin_label=\u00a0\u00bbPLANIFICA\u00a0\u00bb background_layout=\u00a0\u00bblight\u00a0\u00bb text_orientation=\u00a0\u00bbcenter\u00a0\u00bb use_border_color=\u00a0\u00bboff\u00a0\u00bb border_color=\u00a0\u00bb#ffffff\u00a0\u00bb border_style=\u00a0\u00bbsolid\u00a0\u00bb]<\/p>\n<h5>Pr\u00e9parez votre visite<\/h5>\n<div><\/div>\n<div>Vous trouverez ici tout le n\u00e9cessaire pour planifier votre visite au Palais Royal Testamentaire<\/div>\n<p>[\/et_pb_text][\/et_pb_column][\/et_pb_row][\/et_pb_section]<\/p>\n","protected":false},"excerpt":{"rendered":"<p>V\u00e9rifier les horaires de visite Apprenez \u00e0 visiter le palais Joindre des visites avec d&rsquo;autres ressources Comment se rendre au palais Pr\u00e9parez votre visite Vous trouverez ici tout le n\u00e9cessaire pour planifier votre visite au Palais Royal Testamentaire<\/p>\n","protected":false},"author":1,"featured_media":0,"parent":0,"menu_order":0,"comment_status":"closed","ping_status":"closed","template":"","meta":{"_et_pb_use_builder":"on","_et_pb_old_content":"","_et_gb_content_width":"","footnotes":""},"class_list":["post-786","page","type-page","status-publish","hentry"],"yoast_head":"<!-- This site is optimized with the Yoast SEO plugin v27.4 - https:\/\/yoast.com\/product\/yoast-seo-wordpress\/ -->\n<title>PLANIFIEZ VOSTRE VISITE - Palacio Real Testamentario<\/title>\n<meta name=\"robots\" content=\"index, follow, max-snippet:-1, max-image-preview:large, max-video-preview:-1\" \/>\n<link rel=\"canonical\" href=\"https:\/\/www.palaciorealtestamentario.es\/planifica-tu-visita\/\" \/>\n<meta property=\"og:locale\" content=\"fr_FR\" \/>\n<meta property=\"og:type\" content=\"article\" \/>\n<meta property=\"og:title\" content=\"PLANIFIEZ VOSTRE VISITE - Palacio Real Testamentario\" \/>\n<meta property=\"og:description\" content=\"V\u00e9rifier les horaires de visite Apprenez \u00e0 visiter le palais Joindre des visites avec d&#039;autres ressources Comment se rendre au palais Pr\u00e9parez votre visite Vous trouverez ici tout le n\u00e9cessaire pour planifier votre visite au Palais Royal Testamentaire\" \/>\n<meta property=\"og:url\" content=\"https:\/\/www.palaciorealtestamentario.es\/planifica-tu-visita\/\" \/>\n<meta property=\"og:site_name\" content=\"Palacio Real Testamentario\" \/>\n<meta property=\"article:publisher\" content=\"https:\/\/www.facebook.com\/PalacioYsabel\/\" \/>\n<meta property=\"article:modified_time\" content=\"2017-11-18T17:14:04+00:00\" \/>\n<meta name=\"twitter:card\" content=\"summary_large_image\" \/>\n<meta name=\"twitter:site\" content=\"@PalacioYsabel\" \/>\n<meta name=\"twitter:label1\" content=\"Dur\u00e9e de lecture estim\u00e9e\" \/>\n\t<meta name=\"twitter:data1\" content=\"3 minutes\" \/>\n<script type=\"application\/ld+json\" class=\"yoast-schema-graph\">{\"@context\":\"https:\\\/\\\/schema.org\",\"@graph\":[{\"@type\":\"WebPage\",\"@id\":\"https:\\\/\\\/www.palaciorealtestamentario.es\\\/planifica-tu-visita\\\/\",\"url\":\"https:\\\/\\\/www.palaciorealtestamentario.es\\\/planifica-tu-visita\\\/\",\"name\":\"PLANIFIEZ VOSTRE VISITE - Palacio Real Testamentario\",\"isPartOf\":{\"@id\":\"https:\\\/\\\/www.palaciorealtestamentario.es\\\/#website\"},\"datePublished\":\"2017-11-06T17:28:58+00:00\",\"dateModified\":\"2017-11-18T17:14:04+00:00\",\"breadcrumb\":{\"@id\":\"https:\\\/\\\/www.palaciorealtestamentario.es\\\/planifica-tu-visita\\\/#breadcrumb\"},\"inLanguage\":\"fr-FR\",\"potentialAction\":[{\"@type\":\"ReadAction\",\"target\":[\"https:\\\/\\\/www.palaciorealtestamentario.es\\\/planifica-tu-visita\\\/\"]}]},{\"@type\":\"BreadcrumbList\",\"@id\":\"https:\\\/\\\/www.palaciorealtestamentario.es\\\/planifica-tu-visita\\\/#breadcrumb\",\"itemListElement\":[{\"@type\":\"ListItem\",\"position\":1,\"name\":\"Portada\",\"item\":\"https:\\\/\\\/www.palaciorealtestamentario.es\\\/fr\\\/\"},{\"@type\":\"ListItem\",\"position\":2,\"name\":\"PLANIFIEZ VOSTRE VISITE\"}]},{\"@type\":\"WebSite\",\"@id\":\"https:\\\/\\\/www.palaciorealtestamentario.es\\\/#website\",\"url\":\"https:\\\/\\\/www.palaciorealtestamentario.es\\\/\",\"name\":\"Palacio Real Testamentario\",\"description\":\"Palacio Real Testamentario de Isabel la Catolica\",\"publisher\":{\"@id\":\"https:\\\/\\\/www.palaciorealtestamentario.es\\\/#organization\"},\"potentialAction\":[{\"@type\":\"SearchAction\",\"target\":{\"@type\":\"EntryPoint\",\"urlTemplate\":\"https:\\\/\\\/www.palaciorealtestamentario.es\\\/?s={search_term_string}\"},\"query-input\":{\"@type\":\"PropertyValueSpecification\",\"valueRequired\":true,\"valueName\":\"search_term_string\"}}],\"inLanguage\":\"fr-FR\"},{\"@type\":\"Organization\",\"@id\":\"https:\\\/\\\/www.palaciorealtestamentario.es\\\/#organization\",\"name\":\"Palacio Real Testamentario\",\"url\":\"https:\\\/\\\/www.palaciorealtestamentario.es\\\/\",\"logo\":{\"@type\":\"ImageObject\",\"inLanguage\":\"fr-FR\",\"@id\":\"https:\\\/\\\/www.palaciorealtestamentario.es\\\/#\\\/schema\\\/logo\\\/image\\\/\",\"url\":\"https:\\\/\\\/www.palaciorealtestamentario.es\\\/wp-content\\\/uploads\\\/2017\\\/08\\\/logowebpalacio.png\",\"contentUrl\":\"https:\\\/\\\/www.palaciorealtestamentario.es\\\/wp-content\\\/uploads\\\/2017\\\/08\\\/logowebpalacio.png\",\"width\":1024,\"height\":117,\"caption\":\"Palacio Real Testamentario\"},\"image\":{\"@id\":\"https:\\\/\\\/www.palaciorealtestamentario.es\\\/#\\\/schema\\\/logo\\\/image\\\/\"},\"sameAs\":[\"https:\\\/\\\/www.facebook.com\\\/PalacioYsabel\\\/\",\"https:\\\/\\\/x.com\\\/PalacioYsabel\",\"https:\\\/\\\/www.instagram.com\\\/palacio_ysabel\\\/?hl=es\"]}]}<\/script>\n<!-- \/ Yoast SEO plugin. -->","yoast_head_json":{"title":"PLANIFIEZ VOSTRE VISITE - Palacio Real Testamentario","robots":{"index":"index","follow":"follow","max-snippet":"max-snippet:-1","max-image-preview":"max-image-preview:large","max-video-preview":"max-video-preview:-1"},"canonical":"https:\/\/www.palaciorealtestamentario.es\/planifica-tu-visita\/","og_locale":"fr_FR","og_type":"article","og_title":"PLANIFIEZ VOSTRE VISITE - Palacio Real Testamentario","og_description":"V\u00e9rifier les horaires de visite Apprenez \u00e0 visiter le palais Joindre des visites avec d'autres ressources Comment se rendre au palais Pr\u00e9parez votre visite Vous trouverez ici tout le n\u00e9cessaire pour planifier votre visite au Palais Royal Testamentaire","og_url":"https:\/\/www.palaciorealtestamentario.es\/planifica-tu-visita\/","og_site_name":"Palacio Real Testamentario","article_publisher":"https:\/\/www.facebook.com\/PalacioYsabel\/","article_modified_time":"2017-11-18T17:14:04+00:00","twitter_card":"summary_large_image","twitter_site":"@PalacioYsabel","twitter_misc":{"Dur\u00e9e de lecture estim\u00e9e":"3 minutes"},"schema":{"@context":"https:\/\/schema.org","@graph":[{"@type":"WebPage","@id":"https:\/\/www.palaciorealtestamentario.es\/planifica-tu-visita\/","url":"https:\/\/www.palaciorealtestamentario.es\/planifica-tu-visita\/","name":"PLANIFIEZ VOSTRE VISITE - Palacio Real Testamentario","isPartOf":{"@id":"https:\/\/www.palaciorealtestamentario.es\/#website"},"datePublished":"2017-11-06T17:28:58+00:00","dateModified":"2017-11-18T17:14:04+00:00","breadcrumb":{"@id":"https:\/\/www.palaciorealtestamentario.es\/planifica-tu-visita\/#breadcrumb"},"inLanguage":"fr-FR","potentialAction":[{"@type":"ReadAction","target":["https:\/\/www.palaciorealtestamentario.es\/planifica-tu-visita\/"]}]},{"@type":"BreadcrumbList","@id":"https:\/\/www.palaciorealtestamentario.es\/planifica-tu-visita\/#breadcrumb","itemListElement":[{"@type":"ListItem","position":1,"name":"Portada","item":"https:\/\/www.palaciorealtestamentario.es\/fr\/"},{"@type":"ListItem","position":2,"name":"PLANIFIEZ VOSTRE VISITE"}]},{"@type":"WebSite","@id":"https:\/\/www.palaciorealtestamentario.es\/#website","url":"https:\/\/www.palaciorealtestamentario.es\/","name":"Palacio Real Testamentario","description":"Palacio Real Testamentario de Isabel la Catolica","publisher":{"@id":"https:\/\/www.palaciorealtestamentario.es\/#organization"},"potentialAction":[{"@type":"SearchAction","target":{"@type":"EntryPoint","urlTemplate":"https:\/\/www.palaciorealtestamentario.es\/?s={search_term_string}"},"query-input":{"@type":"PropertyValueSpecification","valueRequired":true,"valueName":"search_term_string"}}],"inLanguage":"fr-FR"},{"@type":"Organization","@id":"https:\/\/www.palaciorealtestamentario.es\/#organization","name":"Palacio Real Testamentario","url":"https:\/\/www.palaciorealtestamentario.es\/","logo":{"@type":"ImageObject","inLanguage":"fr-FR","@id":"https:\/\/www.palaciorealtestamentario.es\/#\/schema\/logo\/image\/","url":"https:\/\/www.palaciorealtestamentario.es\/wp-content\/uploads\/2017\/08\/logowebpalacio.png","contentUrl":"https:\/\/www.palaciorealtestamentario.es\/wp-content\/uploads\/2017\/08\/logowebpalacio.png","width":1024,"height":117,"caption":"Palacio Real Testamentario"},"image":{"@id":"https:\/\/www.palaciorealtestamentario.es\/#\/schema\/logo\/image\/"},"sameAs":["https:\/\/www.facebook.com\/PalacioYsabel\/","https:\/\/x.com\/PalacioYsabel","https:\/\/www.instagram.com\/palacio_ysabel\/?hl=es"]}]}},"_links":{"self":[{"href":"https:\/\/www.palaciorealtestamentario.es\/fr\/wp-json\/wp\/v2\/pages\/786","targetHints":{"allow":["GET"]}}],"collection":[{"href":"https:\/\/www.palaciorealtestamentario.es\/fr\/wp-json\/wp\/v2\/pages"}],"about":[{"href":"https:\/\/www.palaciorealtestamentario.es\/fr\/wp-json\/wp\/v2\/types\/page"}],"author":[{"embeddable":true,"href":"https:\/\/www.palaciorealtestamentario.es\/fr\/wp-json\/wp\/v2\/users\/1"}],"replies":[{"embeddable":true,"href":"https:\/\/www.palaciorealtestamentario.es\/fr\/wp-json\/wp\/v2\/comments?post=786"}],"version-history":[{"count":6,"href":"https:\/\/www.palaciorealtestamentario.es\/fr\/wp-json\/wp\/v2\/pages\/786\/revisions"}],"predecessor-version":[{"id":900,"href":"https:\/\/www.palaciorealtestamentario.es\/fr\/wp-json\/wp\/v2\/pages\/786\/revisions\/900"}],"wp:attachment":[{"href":"https:\/\/www.palaciorealtestamentario.es\/fr\/wp-json\/wp\/v2\/media?parent=786"}],"curies":[{"name":"wp","href":"https:\/\/api.w.org\/{rel}","templated":true}]}}