{"id":783,"date":"2017-11-06T17:23:31","date_gmt":"2017-11-06T17:23:31","guid":{"rendered":"https:\/\/www.palaciorealtestamentario.es\/?page_id=783"},"modified":"2024-01-23T16:09:08","modified_gmt":"2024-01-23T16:09:08","slug":"horaires-et-tarifs","status":"publish","type":"page","link":"https:\/\/www.palaciorealtestamentario.es\/fr\/horaires-et-tarifs\/","title":{"rendered":"HORAIRES ET TARIFS"},"content":{"rendered":"<p>[et_pb_section fb_built=\u00a0\u00bb1&Prime; specialty=\u00a0\u00bbon\u00a0\u00bb parallax_method_1=\u00a0\u00bboff\u00a0\u00bb parallax_method_2=\u00a0\u00bboff\u00a0\u00bb padding_top_1=\u00a0\u00bb0px\u00a0\u00bb padding_bottom_1=\u00a0\u00bb0px\u00a0\u00bb admin_label=\u00a0\u00bbSecci\u00f3n\u00a0\u00bb _builder_version=\u00a0\u00bb4.16&Prime; background_color=\u00a0\u00bb#e5e5e5&Prime; custom_padding=\u00a0\u00bb0px|0px|54px|0px\u00a0\u00bb transparent_background=\u00a0\u00bboff\u00a0\u00bb make_fullwidth=\u00a0\u00bboff\u00a0\u00bb use_custom_width=\u00a0\u00bboff\u00a0\u00bb width_unit=\u00a0\u00bbon\u00a0\u00bb global_colors_info=\u00a0\u00bb{}\u00a0\u00bb][et_pb_column type=\u00a0\u00bb1_4&Prime; _builder_version=\u00a0\u00bb4.16&Prime; custom_padding=\u00a0\u00bb|||\u00a0\u00bb global_colors_info=\u00a0\u00bb{}\u00a0\u00bb custom_padding__hover=\u00a0\u00bb|||\u00a0\u00bb][et_pb_text disabled_on=\u00a0\u00bbon|on|off\u00a0\u00bb admin_label=\u00a0\u00bbLateralReina\u00a0\u00bb _builder_version=\u00a0\u00bb4.16&Prime; text_font_size=\u00a0\u00bb1px\u00a0\u00bb text_line_height=\u00a0\u00bb1em\u00a0\u00bb header_font_size=\u00a0\u00bb1px\u00a0\u00bb background_size=\u00a0\u00bbinitial\u00a0\u00bb background_position=\u00a0\u00bbtop_left\u00a0\u00bb background_repeat=\u00a0\u00bbrepeat\u00a0\u00bb custom_margin=\u00a0\u00bb0px||0px|\u00a0\u00bb custom_padding=\u00a0\u00bb0px||0px|\u00a0\u00bb saved_tabs=\u00a0\u00bball\u00a0\u00bb global_colors_info=\u00a0\u00bb{}\u00a0\u00bb]<img loading=\"lazy\" decoding=\"async\" class=\"alignnone wp-image-209 size-full\" src=\"https:\/\/www.palaciorealtestamentario.es\/wp-content\/uploads\/2017\/03\/lateralreina1.jpg\" alt=\"\" width=\"359\" height=\"3016\" \/><br \/>\n[\/et_pb_text][\/et_pb_column][et_pb_column type=\u00a0\u00bb3_4&Prime; specialty_columns=\u00a0\u00bb3&Prime; _builder_version=\u00a0\u00bb4.16&Prime; custom_padding=\u00a0\u00bb|||\u00a0\u00bb global_colors_info=\u00a0\u00bb{}\u00a0\u00bb custom_padding__hover=\u00a0\u00bb|||\u00a0\u00bb][et_pb_row_inner column_structure=\u00a0\u00bb1_2,1_2&Prime; admin_label=\u00a0\u00bbFila\u00a0\u00bb _builder_version=\u00a0\u00bb4.16&Prime; custom_padding=\u00a0\u00bb50px|0px|5px|0px\u00a0\u00bb global_colors_info=\u00a0\u00bb{}\u00a0\u00bb][et_pb_column_inner type=\u00a0\u00bb1_2&Prime; saved_specialty_column_type=\u00a0\u00bb3_4&Prime; _builder_version=\u00a0\u00bb4.16&Prime; custom_padding=\u00a0\u00bb|||\u00a0\u00bb global_colors_info=\u00a0\u00bb{}\u00a0\u00bb custom_padding__hover=\u00a0\u00bb|||\u00a0\u00bb][et_pb_text admin_label=\u00a0\u00bbHorarios\u00a0\u00bb _builder_version=\u00a0\u00bb4.21.0&Prime; background_image=\u00a0\u00bbhttps:\/\/www.palaciorealtestamentario.es\/wp-content\/uploads\/2017\/03\/plani_reloj_fondo-1.png\u00a0\u00bb background_size=\u00a0\u00bbinitial\u00a0\u00bb background_position=\u00a0\u00bbtop_left\u00a0\u00bb background_repeat=\u00a0\u00bbrepeat\u00a0\u00bb use_border_color=\u00a0\u00bboff\u00a0\u00bb border_color=\u00a0\u00bb#ffffff\u00a0\u00bb border_style=\u00a0\u00bbsolid\u00a0\u00bb global_colors_info=\u00a0\u00bb{}\u00a0\u00bb]<\/p>\n<h3 style=\"text-align: left;\">Horaires:<\/h3>\n<p><strong>De mardi \u00e0 samedi<\/strong><br \/>Matin: 10h30 \u2013 14h00<br \/>Apr\u00e8s-midi : 16h00 \u2013 18h00 (19h00 en \u00e9t\u00e9)<\/p>\n<p><strong>Lundi, dimanche et jours f\u00e9ri\u00e9s<\/strong><br \/>Matin: 10h30 \u2013 14h00<\/p>\n<p>\u200bFerm\u00e9 aussi le 1er et le 6 janvier, le 2 septembre et du 24 au 31 d\u00e9cembre.<\/p>\n<p>Horaires r\u00e9duits du 1 au 8 septembre (ouvert uniquement le matin).<\/p>\n<p style=\"text-align: left;\"><em>\u00a0<\/em><\/p>\n<p>[\/et_pb_text][\/et_pb_column_inner][et_pb_column_inner type=\u00a0\u00bb1_2&Prime; saved_specialty_column_type=\u00a0\u00bb3_4&Prime; _builder_version=\u00a0\u00bb4.16&Prime; custom_padding=\u00a0\u00bb|||\u00a0\u00bb global_colors_info=\u00a0\u00bb{}\u00a0\u00bb custom_padding__hover=\u00a0\u00bb|||\u00a0\u00bb][et_pb_text admin_label=\u00a0\u00bbConsejos\u00a0\u00bb _builder_version=\u00a0\u00bb4.16&Prime; background_size=\u00a0\u00bbinitial\u00a0\u00bb background_position=\u00a0\u00bbtop_left\u00a0\u00bb background_repeat=\u00a0\u00bbrepeat\u00a0\u00bb use_border_color=\u00a0\u00bboff\u00a0\u00bb border_color=\u00a0\u00bb#ffffff\u00a0\u00bb border_style=\u00a0\u00bbsolid\u00a0\u00bb global_colors_info=\u00a0\u00bb{}\u00a0\u00bb]<\/p>\n<blockquote>\n<h3 class=\"font_8\"><img loading=\"lazy\" decoding=\"async\" class=\"alignnone wp-image-190\" src=\"https:\/\/www.palaciorealtestamentario.es\/wp-content\/uploads\/2017\/03\/plani_faq.png\" alt=\"\" width=\"17\" height=\"19\" \/> Conseils:<\/h3>\n<p>Le temps moyen recommand\u00e9 pour visiter de Centre d\u2019Interpr\u00e9tation d\u2019Isabelle la Catholique est d\u2019environ 45 minutes. Nous vous recommandons donc de prendre en compte les heures d\u2019ouverture et de fermeture du centre.<\/p>\n<p>Si vous voulez plus d\u2019information sur le temps de d\u00e9placement entre les diff\u00e9rents sites de la ville, n\u2019h\u00e9sitez pas \u00e0 nous contacter.<\/p><\/blockquote>\n<p>[\/et_pb_text][\/et_pb_column_inner][\/et_pb_row_inner][et_pb_row_inner admin_label=\u00a0\u00bbFila\u00a0\u00bb _builder_version=\u00a0\u00bb4.16&Prime; global_colors_info=\u00a0\u00bb{}\u00a0\u00bb][et_pb_column_inner saved_specialty_column_type=\u00a0\u00bb3_4&Prime; _builder_version=\u00a0\u00bb4.16&Prime; custom_padding=\u00a0\u00bb|||\u00a0\u00bb global_colors_info=\u00a0\u00bb{}\u00a0\u00bb custom_padding__hover=\u00a0\u00bb|||\u00a0\u00bb][et_pb_divider color=\u00a0\u00bb#af3418&Prime; disabled_on=\u00a0\u00bbon|on|off\u00a0\u00bb admin_label=\u00a0\u00bbSeparador\u00a0\u00bb _builder_version=\u00a0\u00bb4.16&Prime; saved_tabs=\u00a0\u00bball\u00a0\u00bb global_colors_info=\u00a0\u00bb{}\u00a0\u00bb][\/et_pb_divider][\/et_pb_column_inner][\/et_pb_row_inner][et_pb_row_inner column_structure=\u00a0\u00bb1_2,1_2&Prime; admin_label=\u00a0\u00bbFila\u00a0\u00bb _builder_version=\u00a0\u00bb4.16&Prime; custom_padding=\u00a0\u00bb0px|0px|29.6833px|0px\u00a0\u00bb global_colors_info=\u00a0\u00bb{}\u00a0\u00bb][et_pb_column_inner type=\u00a0\u00bb1_2&Prime; saved_specialty_column_type=\u00a0\u00bb3_4&Prime; _builder_version=\u00a0\u00bb4.16&Prime; custom_padding=\u00a0\u00bb|||\u00a0\u00bb global_colors_info=\u00a0\u00bb{}\u00a0\u00bb custom_padding__hover=\u00a0\u00bb|||\u00a0\u00bb][et_pb_text admin_label=\u00a0\u00bbTarifas\u00a0\u00bb _builder_version=\u00a0\u00bb4.16&Prime; background_size=\u00a0\u00bbinitial\u00a0\u00bb background_position=\u00a0\u00bbtop_left\u00a0\u00bb background_repeat=\u00a0\u00bbrepeat\u00a0\u00bb use_border_color=\u00a0\u00bboff\u00a0\u00bb border_color=\u00a0\u00bb#ffffff\u00a0\u00bb border_style=\u00a0\u00bbsolid\u00a0\u00bb global_colors_info=\u00a0\u00bb{}\u00a0\u00bb]<\/p>\n<h3 class=\"font_8\">Tarifs:<\/h3>\n<ul>\n<li>Tarif g\u00e9n\u00e9ral: 3,50 \u20ac<\/li>\n<li>Tarif sp\u00e9cial: 2,00\u20ac<\/li>\n<\/ul>\n<p>Le tarif sp\u00e9cial s\u2019appliquera aux personnes de plus de 65 ans, entre 18 et 26 ans, groupes de plus de 25 personnes, ch\u00f4meurs, membres des Amis du Patrimoine de Castille et L\u00e9on et adultes membres d\u2019une famille nombreuse.<strong>\u200b<\/strong><\/p>\n<ul>\n<li>Tarif r\u00e9duit: 1,50 \u20ac<\/li>\n<\/ul>\n<p>Le tarif r\u00e9duit d\u2019appliquera aux enfants de 3 \u00e0 18 ans et aux mineurs de 26 ans, membres d\u2019une famille nombreuse.<\/p>\n<ul>\n<li>R\u00e9sidents de Medina del Campo: 1\u20ac<\/li>\n<li>Entr\u00e9e conjointe avec les visites du Ch\u00e2teau de la Mota: +1,50\u20ac<\/li>\n<li>Gratuit pour les enfants de moins de 3 ans.<\/li>\n<\/ul>\n<p>[\/et_pb_text][\/et_pb_column_inner][et_pb_column_inner type=\u00a0\u00bb1_2&Prime; saved_specialty_column_type=\u00a0\u00bb3_4&Prime; _builder_version=\u00a0\u00bb4.16&Prime; custom_padding=\u00a0\u00bb|||\u00a0\u00bb global_colors_info=\u00a0\u00bb{}\u00a0\u00bb custom_padding__hover=\u00a0\u00bb|||\u00a0\u00bb][et_pb_text admin_label=\u00a0\u00bbTexto\u00a0\u00bb _builder_version=\u00a0\u00bb4.16&Prime; background_size=\u00a0\u00bbinitial\u00a0\u00bb background_position=\u00a0\u00bbtop_left\u00a0\u00bb background_repeat=\u00a0\u00bbrepeat\u00a0\u00bb use_border_color=\u00a0\u00bboff\u00a0\u00bb border_color=\u00a0\u00bb#ffffff\u00a0\u00bb border_style=\u00a0\u00bbsolid\u00a0\u00bb global_colors_info=\u00a0\u00bb{}\u00a0\u00bb]<\/p>\n<blockquote>\n<h3 class=\"font_8\"><img loading=\"lazy\" decoding=\"async\" class=\"alignnone wp-image-190\" src=\"https:\/\/www.palaciorealtestamentario.es\/wp-content\/uploads\/2017\/03\/plani_faq.png\" alt=\"\" width=\"18\" height=\"18\" \/> Conseil:<\/h3>\n<p>Pensez \u00e0 prendre un justificatif pour pouvoir b\u00e9n\u00e9ficier des diff\u00e9rents tarifs pr\u00e9f\u00e9rentiels (carte d\u2019identit\u00e9, carte de famille nombreuse, carte de ch\u00f4meur, carte des Amis du Patrimoine de Castille et L\u00e9on ou entr\u00e9e du Ch\u00e2teau de la Mota, en fonction du cas).<\/p>\n<p>Si vous visitez le Ch\u00e2teau de la Mota avec visite guid\u00e9e organis\u00e9e depuis de Centre de R\u00e9ception des Visiteurs du ch\u00e2teau, rappelez-vous que vous pouvez profiter du tarif conjoint. Vous pouvez obtenir les entr\u00e9es depuis le Centre de R\u00e9ception des Visiteurs du ch\u00e2teau ou depuis de Palais Royal Testamentaire.<\/p>\n<p>&nbsp;<\/p>\n<p>*Les tarifs des entr\u00e9es conjointes et des activit\u00e9s de trouvent dans \u00ab\u00a0rajoutez plus de visites\u00a0\u00bb et \u00ab\u00a0nouvelles et activit\u00e9s\u00a0\u00bb.<\/p><\/blockquote>\n<p>[\/et_pb_text][\/et_pb_column_inner][\/et_pb_row_inner][et_pb_row_inner admin_label=\u00a0\u00bbFila\u00a0\u00bb _builder_version=\u00a0\u00bb4.16&Prime; global_colors_info=\u00a0\u00bb{}\u00a0\u00bb][et_pb_column_inner saved_specialty_column_type=\u00a0\u00bb3_4&Prime; _builder_version=\u00a0\u00bb4.16&Prime; custom_padding=\u00a0\u00bb|||\u00a0\u00bb global_colors_info=\u00a0\u00bb{}\u00a0\u00bb custom_padding__hover=\u00a0\u00bb|||\u00a0\u00bb][et_pb_image src=\u00a0\u00bbhttps:\/\/www.palaciorealtestamentario.es\/wp-content\/uploads\/2017\/03\/PATIO-DELANTERO-8.jpg\u00a0\u00bb align_tablet=\u00a0\u00bbcenter\u00a0\u00bb align_phone=\u00a0\u00bbcenter\u00a0\u00bb align_last_edited=\u00a0\u00bbon|desktop\u00a0\u00bb admin_label=\u00a0\u00bbImagen\u00a0\u00bb _builder_version=\u00a0\u00bb4.16&Prime; animation_style=\u00a0\u00bbslide\u00a0\u00bb animation_direction=\u00a0\u00bbleft\u00a0\u00bb animation_duration=\u00a0\u00bb500ms\u00a0\u00bb animation_intensity_slide=\u00a0\u00bb10%\u00a0\u00bb use_border_color=\u00a0\u00bboff\u00a0\u00bb border_color=\u00a0\u00bb#ffffff\u00a0\u00bb border_style=\u00a0\u00bbsolid\u00a0\u00bb animation=\u00a0\u00bbleft\u00a0\u00bb sticky=\u00a0\u00bboff\u00a0\u00bb always_center_on_mobile=\u00a0\u00bbon\u00a0\u00bb global_colors_info=\u00a0\u00bb{}\u00a0\u00bb][\/et_pb_image][\/et_pb_column_inner][\/et_pb_row_inner][\/et_pb_column][\/et_pb_section]<\/p>\n","protected":false},"excerpt":{"rendered":"<p>Horaires: De mardi \u00e0 samediMatin: 10h30 \u2013 14h00Apr\u00e8s-midi : 16h00 \u2013 18h00 (19h00 en \u00e9t\u00e9) Lundi, dimanche et jours f\u00e9ri\u00e9sMatin: 10h30 \u2013 14h00 \u200bFerm\u00e9 aussi le 1er et le 6 janvier, le 2 septembre et du 24 au 31 d\u00e9cembre. Horaires r\u00e9duits du 1 au 8 septembre (ouvert uniquement le matin). \u00a0 Conseils: Le temps [&hellip;]<\/p>\n","protected":false},"author":1,"featured_media":0,"parent":0,"menu_order":0,"comment_status":"closed","ping_status":"closed","template":"","meta":{"_et_pb_use_builder":"on","_et_pb_old_content":"","_et_gb_content_width":"","footnotes":""},"class_list":["post-783","page","type-page","status-publish","hentry"],"yoast_head":"<!-- This site is optimized with the Yoast SEO plugin v27.4 - https:\/\/yoast.com\/product\/yoast-seo-wordpress\/ -->\n<title>HORAIRES ET TARIFS - Palacio Real Testamentario<\/title>\n<meta name=\"robots\" content=\"index, follow, max-snippet:-1, max-image-preview:large, max-video-preview:-1\" \/>\n<link rel=\"canonical\" href=\"https:\/\/www.palaciorealtestamentario.es\/fr\/horaires-et-tarifs\/\" \/>\n<meta property=\"og:locale\" content=\"fr_FR\" \/>\n<meta property=\"og:type\" content=\"article\" \/>\n<meta property=\"og:title\" content=\"HORAIRES ET TARIFS - Palacio Real Testamentario\" \/>\n<meta property=\"og:description\" content=\"Horaires: De mardi \u00e0 samediMatin: 10h30 \u2013 14h00Apr\u00e8s-midi : 16h00 \u2013 18h00 (19h00 en \u00e9t\u00e9) Lundi, dimanche et jours f\u00e9ri\u00e9sMatin: 10h30 \u2013 14h00 \u200bFerm\u00e9 aussi le 1er et le 6 janvier, le 2 septembre et du 24 au 31 d\u00e9cembre. Horaires r\u00e9duits du 1 au 8 septembre (ouvert uniquement le matin). \u00a0 Conseils: Le temps [&hellip;]\" \/>\n<meta property=\"og:url\" content=\"https:\/\/www.palaciorealtestamentario.es\/fr\/horaires-et-tarifs\/\" \/>\n<meta property=\"og:site_name\" content=\"Palacio Real Testamentario\" \/>\n<meta property=\"article:publisher\" content=\"https:\/\/www.facebook.com\/PalacioYsabel\/\" \/>\n<meta property=\"article:modified_time\" content=\"2024-01-23T16:09:08+00:00\" \/>\n<meta property=\"og:image\" content=\"https:\/\/www.palaciorealtestamentario.es\/wp-content\/uploads\/2017\/03\/lateralreina1.jpg\" \/>\n<meta name=\"twitter:card\" content=\"summary_large_image\" \/>\n<meta name=\"twitter:site\" content=\"@PalacioYsabel\" \/>\n<meta name=\"twitter:label1\" content=\"Dur\u00e9e de lecture estim\u00e9e\" \/>\n\t<meta name=\"twitter:data1\" content=\"2 minutes\" \/>\n<script type=\"application\/ld+json\" class=\"yoast-schema-graph\">{\"@context\":\"https:\\\/\\\/schema.org\",\"@graph\":[{\"@type\":\"WebPage\",\"@id\":\"https:\\\/\\\/www.palaciorealtestamentario.es\\\/fr\\\/horaires-et-tarifs\\\/\",\"url\":\"https:\\\/\\\/www.palaciorealtestamentario.es\\\/fr\\\/horaires-et-tarifs\\\/\",\"name\":\"HORAIRES ET TARIFS - Palacio Real Testamentario\",\"isPartOf\":{\"@id\":\"https:\\\/\\\/www.palaciorealtestamentario.es\\\/#website\"},\"primaryImageOfPage\":{\"@id\":\"https:\\\/\\\/www.palaciorealtestamentario.es\\\/fr\\\/horaires-et-tarifs\\\/#primaryimage\"},\"image\":{\"@id\":\"https:\\\/\\\/www.palaciorealtestamentario.es\\\/fr\\\/horaires-et-tarifs\\\/#primaryimage\"},\"thumbnailUrl\":\"https:\\\/\\\/www.palaciorealtestamentario.es\\\/wp-content\\\/uploads\\\/2017\\\/03\\\/lateralreina1.jpg\",\"datePublished\":\"2017-11-06T17:23:31+00:00\",\"dateModified\":\"2024-01-23T16:09:08+00:00\",\"breadcrumb\":{\"@id\":\"https:\\\/\\\/www.palaciorealtestamentario.es\\\/fr\\\/horaires-et-tarifs\\\/#breadcrumb\"},\"inLanguage\":\"fr-FR\",\"potentialAction\":[{\"@type\":\"ReadAction\",\"target\":[\"https:\\\/\\\/www.palaciorealtestamentario.es\\\/fr\\\/horaires-et-tarifs\\\/\"]}]},{\"@type\":\"ImageObject\",\"inLanguage\":\"fr-FR\",\"@id\":\"https:\\\/\\\/www.palaciorealtestamentario.es\\\/fr\\\/horaires-et-tarifs\\\/#primaryimage\",\"url\":\"https:\\\/\\\/www.palaciorealtestamentario.es\\\/wp-content\\\/uploads\\\/2017\\\/03\\\/lateralreina1.jpg\",\"contentUrl\":\"https:\\\/\\\/www.palaciorealtestamentario.es\\\/wp-content\\\/uploads\\\/2017\\\/03\\\/lateralreina1.jpg\"},{\"@type\":\"BreadcrumbList\",\"@id\":\"https:\\\/\\\/www.palaciorealtestamentario.es\\\/fr\\\/horaires-et-tarifs\\\/#breadcrumb\",\"itemListElement\":[{\"@type\":\"ListItem\",\"position\":1,\"name\":\"Portada\",\"item\":\"https:\\\/\\\/www.palaciorealtestamentario.es\\\/fr\\\/\"},{\"@type\":\"ListItem\",\"position\":2,\"name\":\"HORAIRES ET TARIFS\"}]},{\"@type\":\"WebSite\",\"@id\":\"https:\\\/\\\/www.palaciorealtestamentario.es\\\/#website\",\"url\":\"https:\\\/\\\/www.palaciorealtestamentario.es\\\/\",\"name\":\"Palacio Real Testamentario\",\"description\":\"Palacio Real Testamentario de Isabel la Catolica\",\"publisher\":{\"@id\":\"https:\\\/\\\/www.palaciorealtestamentario.es\\\/#organization\"},\"potentialAction\":[{\"@type\":\"SearchAction\",\"target\":{\"@type\":\"EntryPoint\",\"urlTemplate\":\"https:\\\/\\\/www.palaciorealtestamentario.es\\\/?s={search_term_string}\"},\"query-input\":{\"@type\":\"PropertyValueSpecification\",\"valueRequired\":true,\"valueName\":\"search_term_string\"}}],\"inLanguage\":\"fr-FR\"},{\"@type\":\"Organization\",\"@id\":\"https:\\\/\\\/www.palaciorealtestamentario.es\\\/#organization\",\"name\":\"Palacio Real Testamentario\",\"url\":\"https:\\\/\\\/www.palaciorealtestamentario.es\\\/\",\"logo\":{\"@type\":\"ImageObject\",\"inLanguage\":\"fr-FR\",\"@id\":\"https:\\\/\\\/www.palaciorealtestamentario.es\\\/#\\\/schema\\\/logo\\\/image\\\/\",\"url\":\"https:\\\/\\\/www.palaciorealtestamentario.es\\\/wp-content\\\/uploads\\\/2017\\\/08\\\/logowebpalacio.png\",\"contentUrl\":\"https:\\\/\\\/www.palaciorealtestamentario.es\\\/wp-content\\\/uploads\\\/2017\\\/08\\\/logowebpalacio.png\",\"width\":1024,\"height\":117,\"caption\":\"Palacio Real Testamentario\"},\"image\":{\"@id\":\"https:\\\/\\\/www.palaciorealtestamentario.es\\\/#\\\/schema\\\/logo\\\/image\\\/\"},\"sameAs\":[\"https:\\\/\\\/www.facebook.com\\\/PalacioYsabel\\\/\",\"https:\\\/\\\/x.com\\\/PalacioYsabel\",\"https:\\\/\\\/www.instagram.com\\\/palacio_ysabel\\\/?hl=es\"]}]}<\/script>\n<!-- \/ Yoast SEO plugin. -->","yoast_head_json":{"title":"HORAIRES ET TARIFS - Palacio Real Testamentario","robots":{"index":"index","follow":"follow","max-snippet":"max-snippet:-1","max-image-preview":"max-image-preview:large","max-video-preview":"max-video-preview:-1"},"canonical":"https:\/\/www.palaciorealtestamentario.es\/fr\/horaires-et-tarifs\/","og_locale":"fr_FR","og_type":"article","og_title":"HORAIRES ET TARIFS - Palacio Real Testamentario","og_description":"Horaires: De mardi \u00e0 samediMatin: 10h30 \u2013 14h00Apr\u00e8s-midi : 16h00 \u2013 18h00 (19h00 en \u00e9t\u00e9) Lundi, dimanche et jours f\u00e9ri\u00e9sMatin: 10h30 \u2013 14h00 \u200bFerm\u00e9 aussi le 1er et le 6 janvier, le 2 septembre et du 24 au 31 d\u00e9cembre. Horaires r\u00e9duits du 1 au 8 septembre (ouvert uniquement le matin). \u00a0 Conseils: Le temps [&hellip;]","og_url":"https:\/\/www.palaciorealtestamentario.es\/fr\/horaires-et-tarifs\/","og_site_name":"Palacio Real Testamentario","article_publisher":"https:\/\/www.facebook.com\/PalacioYsabel\/","article_modified_time":"2024-01-23T16:09:08+00:00","og_image":[{"url":"https:\/\/www.palaciorealtestamentario.es\/wp-content\/uploads\/2017\/03\/lateralreina1.jpg","type":"","width":"","height":""}],"twitter_card":"summary_large_image","twitter_site":"@PalacioYsabel","twitter_misc":{"Dur\u00e9e de lecture estim\u00e9e":"2 minutes"},"schema":{"@context":"https:\/\/schema.org","@graph":[{"@type":"WebPage","@id":"https:\/\/www.palaciorealtestamentario.es\/fr\/horaires-et-tarifs\/","url":"https:\/\/www.palaciorealtestamentario.es\/fr\/horaires-et-tarifs\/","name":"HORAIRES ET TARIFS - Palacio Real Testamentario","isPartOf":{"@id":"https:\/\/www.palaciorealtestamentario.es\/#website"},"primaryImageOfPage":{"@id":"https:\/\/www.palaciorealtestamentario.es\/fr\/horaires-et-tarifs\/#primaryimage"},"image":{"@id":"https:\/\/www.palaciorealtestamentario.es\/fr\/horaires-et-tarifs\/#primaryimage"},"thumbnailUrl":"https:\/\/www.palaciorealtestamentario.es\/wp-content\/uploads\/2017\/03\/lateralreina1.jpg","datePublished":"2017-11-06T17:23:31+00:00","dateModified":"2024-01-23T16:09:08+00:00","breadcrumb":{"@id":"https:\/\/www.palaciorealtestamentario.es\/fr\/horaires-et-tarifs\/#breadcrumb"},"inLanguage":"fr-FR","potentialAction":[{"@type":"ReadAction","target":["https:\/\/www.palaciorealtestamentario.es\/fr\/horaires-et-tarifs\/"]}]},{"@type":"ImageObject","inLanguage":"fr-FR","@id":"https:\/\/www.palaciorealtestamentario.es\/fr\/horaires-et-tarifs\/#primaryimage","url":"https:\/\/www.palaciorealtestamentario.es\/wp-content\/uploads\/2017\/03\/lateralreina1.jpg","contentUrl":"https:\/\/www.palaciorealtestamentario.es\/wp-content\/uploads\/2017\/03\/lateralreina1.jpg"},{"@type":"BreadcrumbList","@id":"https:\/\/www.palaciorealtestamentario.es\/fr\/horaires-et-tarifs\/#breadcrumb","itemListElement":[{"@type":"ListItem","position":1,"name":"Portada","item":"https:\/\/www.palaciorealtestamentario.es\/fr\/"},{"@type":"ListItem","position":2,"name":"HORAIRES ET TARIFS"}]},{"@type":"WebSite","@id":"https:\/\/www.palaciorealtestamentario.es\/#website","url":"https:\/\/www.palaciorealtestamentario.es\/","name":"Palacio Real Testamentario","description":"Palacio Real Testamentario de Isabel la Catolica","publisher":{"@id":"https:\/\/www.palaciorealtestamentario.es\/#organization"},"potentialAction":[{"@type":"SearchAction","target":{"@type":"EntryPoint","urlTemplate":"https:\/\/www.palaciorealtestamentario.es\/?s={search_term_string}"},"query-input":{"@type":"PropertyValueSpecification","valueRequired":true,"valueName":"search_term_string"}}],"inLanguage":"fr-FR"},{"@type":"Organization","@id":"https:\/\/www.palaciorealtestamentario.es\/#organization","name":"Palacio Real Testamentario","url":"https:\/\/www.palaciorealtestamentario.es\/","logo":{"@type":"ImageObject","inLanguage":"fr-FR","@id":"https:\/\/www.palaciorealtestamentario.es\/#\/schema\/logo\/image\/","url":"https:\/\/www.palaciorealtestamentario.es\/wp-content\/uploads\/2017\/08\/logowebpalacio.png","contentUrl":"https:\/\/www.palaciorealtestamentario.es\/wp-content\/uploads\/2017\/08\/logowebpalacio.png","width":1024,"height":117,"caption":"Palacio Real Testamentario"},"image":{"@id":"https:\/\/www.palaciorealtestamentario.es\/#\/schema\/logo\/image\/"},"sameAs":["https:\/\/www.facebook.com\/PalacioYsabel\/","https:\/\/x.com\/PalacioYsabel","https:\/\/www.instagram.com\/palacio_ysabel\/?hl=es"]}]}},"_links":{"self":[{"href":"https:\/\/www.palaciorealtestamentario.es\/fr\/wp-json\/wp\/v2\/pages\/783","targetHints":{"allow":["GET"]}}],"collection":[{"href":"https:\/\/www.palaciorealtestamentario.es\/fr\/wp-json\/wp\/v2\/pages"}],"about":[{"href":"https:\/\/www.palaciorealtestamentario.es\/fr\/wp-json\/wp\/v2\/types\/page"}],"author":[{"embeddable":true,"href":"https:\/\/www.palaciorealtestamentario.es\/fr\/wp-json\/wp\/v2\/users\/1"}],"replies":[{"embeddable":true,"href":"https:\/\/www.palaciorealtestamentario.es\/fr\/wp-json\/wp\/v2\/comments?post=783"}],"version-history":[{"count":9,"href":"https:\/\/www.palaciorealtestamentario.es\/fr\/wp-json\/wp\/v2\/pages\/783\/revisions"}],"predecessor-version":[{"id":2837,"href":"https:\/\/www.palaciorealtestamentario.es\/fr\/wp-json\/wp\/v2\/pages\/783\/revisions\/2837"}],"wp:attachment":[{"href":"https:\/\/www.palaciorealtestamentario.es\/fr\/wp-json\/wp\/v2\/media?parent=783"}],"curies":[{"name":"wp","href":"https:\/\/api.w.org\/{rel}","templated":true}]}}