{"id":780,"date":"2017-11-06T17:16:39","date_gmt":"2017-11-06T17:16:39","guid":{"rendered":"https:\/\/www.palaciorealtestamentario.es\/?page_id=780"},"modified":"2024-01-23T16:33:19","modified_gmt":"2024-01-23T16:33:19","slug":"typologies-de-visite","status":"publish","type":"page","link":"https:\/\/www.palaciorealtestamentario.es\/fr\/typologies-de-visite\/","title":{"rendered":"TYPOLOGIES DE VISITE"},"content":{"rendered":"<p>[et_pb_section fb_built=\u00a0\u00bb1&Prime; specialty=\u00a0\u00bbon\u00a0\u00bb parallax_method_1=\u00a0\u00bboff\u00a0\u00bb parallax_method_2=\u00a0\u00bboff\u00a0\u00bb padding_top_1=\u00a0\u00bb0px\u00a0\u00bb padding_right_1=\u00a0\u00bb0px\u00a0\u00bb padding_bottom_1=\u00a0\u00bb0px\u00a0\u00bb padding_left_1=\u00a0\u00bb0px\u00a0\u00bb admin_label=\u00a0\u00bbSecci\u00f3n\u00a0\u00bb _builder_version=\u00a0\u00bb4.16&Prime; custom_padding=\u00a0\u00bb0px|0px|54px|0px\u00a0\u00bb global_colors_info=\u00a0\u00bb{}\u00a0\u00bb][et_pb_column type=\u00a0\u00bb1_4&Prime; _builder_version=\u00a0\u00bb4.16&Prime; custom_padding=\u00a0\u00bb|||\u00a0\u00bb global_colors_info=\u00a0\u00bb{}\u00a0\u00bb custom_padding__hover=\u00a0\u00bb|||\u00a0\u00bb][et_pb_text disabled_on=\u00a0\u00bbon|on|off\u00a0\u00bb admin_label=\u00a0\u00bbLateralReina\u00a0\u00bb _builder_version=\u00a0\u00bb4.16&Prime; text_font_size=\u00a0\u00bb1px\u00a0\u00bb text_line_height=\u00a0\u00bb1em\u00a0\u00bb header_font_size=\u00a0\u00bb1px\u00a0\u00bb background_size=\u00a0\u00bbinitial\u00a0\u00bb background_position=\u00a0\u00bbtop_left\u00a0\u00bb background_repeat=\u00a0\u00bbrepeat\u00a0\u00bb custom_margin=\u00a0\u00bb0px||0px|\u00a0\u00bb custom_padding=\u00a0\u00bb0px||0px|\u00a0\u00bb saved_tabs=\u00a0\u00bball\u00a0\u00bb global_colors_info=\u00a0\u00bb{}\u00a0\u00bb] <img loading=\"lazy\" decoding=\"async\" class=\"alignnone wp-image-209 size-full\" src=\"https:\/\/www.palaciorealtestamentario.es\/wp-content\/uploads\/2017\/03\/lateralreina1.jpg\" alt=\"\" width=\"359\" height=\"3016\" \/> [\/et_pb_text][\/et_pb_column][et_pb_column type=\u00a0\u00bb3_4&Prime; specialty_columns=\u00a0\u00bb3&Prime; _builder_version=\u00a0\u00bb4.16&Prime; custom_padding=\u00a0\u00bb|||\u00a0\u00bb global_colors_info=\u00a0\u00bb{}\u00a0\u00bb custom_padding__hover=\u00a0\u00bb|||\u00a0\u00bb][et_pb_row_inner admin_label=\u00a0\u00bbFila\u00a0\u00bb _builder_version=\u00a0\u00bb4.16&Prime; custom_padding=\u00a0\u00bb29.6833px|0px|7px|0px\u00a0\u00bb global_colors_info=\u00a0\u00bb{}\u00a0\u00bb][et_pb_column_inner saved_specialty_column_type=\u00a0\u00bb3_4&Prime; _builder_version=\u00a0\u00bb4.16&Prime; custom_padding=\u00a0\u00bb|||\u00a0\u00bb global_colors_info=\u00a0\u00bb{}\u00a0\u00bb custom_padding__hover=\u00a0\u00bb|||\u00a0\u00bb][et_pb_text admin_label=\u00a0\u00bbTexto\u00a0\u00bb _builder_version=\u00a0\u00bb4.16&Prime; background_size=\u00a0\u00bbinitial\u00a0\u00bb background_position=\u00a0\u00bbtop_left\u00a0\u00bb background_repeat=\u00a0\u00bbrepeat\u00a0\u00bb use_border_color=\u00a0\u00bboff\u00a0\u00bb border_color=\u00a0\u00bb#ffffff\u00a0\u00bb border_style=\u00a0\u00bbsolid\u00a0\u00bb global_colors_info=\u00a0\u00bb{}\u00a0\u00bb]<strong>TYPOLOGIES DE VISITE<\/strong><\/p>\n<p>&nbsp;<\/p>\n<div id=\"rkg54inlineContent\" class=\"s33inlineContent\" data-reactid=\".0.$SITE_ROOT.$desktop_siteRoot.$PAGES_CONTAINER.1.1.$SITE_PAGES.$rkg54.1\">\n<div id=\"comp-iycpxovr\" class=\"s2\" data-reactid=\".0.$SITE_ROOT.$desktop_siteRoot.$PAGES_CONTAINER.1.1.$SITE_PAGES.$rkg54.1.$comp-iycpxovr\">\n<p><span class=\"wixGuard\">\u200b<\/span>\u00c0 travers des diff\u00e9rentes salles et des nombreux panneaux interactifs, vous d\u00e9couvrirez la vie d\u2019Isabelle la Catholique: sa naissance,\u00a0 son couronnement comme reine de Castille, sa vie familiale et sa mort entre ces murs. Mais \u00e9galement les \u00e9v\u00e8nements les plus importants de son r\u00e8gne et son lien avec la ville de Medina. Pour finir, vous pourrez \u00e9galement voir les deux documents d\u00e9cisifs qu\u2019elle signa dans ce palais: son testament et son codicille.<\/p>\n<p>Le Palais Royal Testamentaire offre diff\u00e9rentes options de visites. Il est adapt\u00e9 pour des visites individuelles mais \u00e9galement pour les faire en groupe avec visite guid\u00e9e.<\/p>\n<\/div>\n<\/div>\n<p>[\/et_pb_text][\/et_pb_column_inner][\/et_pb_row_inner][et_pb_row_inner admin_label=\u00a0\u00bbFila\u00a0\u00bb _builder_version=\u00a0\u00bb4.16&Prime; custom_padding=\u00a0\u00bb29.6833px|0px|0px|0px\u00a0\u00bb global_colors_info=\u00a0\u00bb{}\u00a0\u00bb][et_pb_column_inner saved_specialty_column_type=\u00a0\u00bb3_4&Prime; _builder_version=\u00a0\u00bb4.16&Prime; custom_padding=\u00a0\u00bb|||\u00a0\u00bb global_colors_info=\u00a0\u00bb{}\u00a0\u00bb custom_padding__hover=\u00a0\u00bb|||\u00a0\u00bb][et_pb_divider color=\u00a0\u00bb#af3418&Prime; divider_position=\u00a0\u00bbcenter\u00a0\u00bb admin_label=\u00a0\u00bbSeparador\u00a0\u00bb _builder_version=\u00a0\u00bb4.16&Prime; hide_on_mobile=\u00a0\u00bboff\u00a0\u00bb saved_tabs=\u00a0\u00bball\u00a0\u00bb global_colors_info=\u00a0\u00bb{}\u00a0\u00bb][\/et_pb_divider][\/et_pb_column_inner][\/et_pb_row_inner][et_pb_row_inner admin_label=\u00a0\u00bbFila\u00a0\u00bb _builder_version=\u00a0\u00bb4.16&Prime; custom_padding=\u00a0\u00bb29px|0px|29.6833px|0px\u00a0\u00bb global_colors_info=\u00a0\u00bb{}\u00a0\u00bb column_structure=\u00a0\u00bb1_2,1_2&Prime;][et_pb_column_inner type=\u00a0\u00bb1_2&Prime; saved_specialty_column_type=\u00a0\u00bb3_4&Prime; _builder_version=\u00a0\u00bb4.16&Prime; custom_padding=\u00a0\u00bb|||\u00a0\u00bb global_colors_info=\u00a0\u00bb{}\u00a0\u00bb custom_padding__hover=\u00a0\u00bb|||\u00a0\u00bb][et_pb_text admin_label=\u00a0\u00bbVisita Individual\u00a0\u00bb _builder_version=\u00a0\u00bb4.16&Prime; background_size=\u00a0\u00bbinitial\u00a0\u00bb background_position=\u00a0\u00bbtop_left\u00a0\u00bb background_repeat=\u00a0\u00bbrepeat\u00a0\u00bb use_border_color=\u00a0\u00bboff\u00a0\u00bb border_color=\u00a0\u00bb#ffffff\u00a0\u00bb border_style=\u00a0\u00bbsolid\u00a0\u00bb global_colors_info=\u00a0\u00bb{}\u00a0\u00bb]<span style=\"color: #ae2f2f;\"><strong><u>Visite Individuelle <\/u><\/strong><\/span><\/p>\n<div id=\"rkg54inlineContent\" class=\"s33inlineContent\" data-reactid=\".0.$SITE_ROOT.$desktop_siteRoot.$PAGES_CONTAINER.1.1.$SITE_PAGES.$rkg54.1\">\n<div id=\"comp-iycr7an0\" class=\"s2\" data-reactid=\".0.$SITE_ROOT.$desktop_siteRoot.$PAGES_CONTAINER.1.1.$SITE_PAGES.$rkg54.1.$comp-iycr7an0\">\n<p>Avec cette mani\u00e8re de visiter le Palais, vous connaitrez la figure de la reine Isabelle de mani\u00e8re participative et dynamique, gr\u00e2ce aux nombreux panneaux interactifs et audiovisuels que propose le centre.<\/p>\n<p>Cette visite est conseill\u00e9e pour des visiteurs individuels, groupes de moins de 25 personnes ou groupes de plus de 25 personnes n\u2019ayant pas r\u00e9serv\u00e9 pr\u00e9alablement de visite guid\u00e9e.<\/p>\n<p><strong>Dur\u00e9e:<\/strong> Il est recommand\u00e9 environ 45 minutes pour visiter le Palais.<\/p>\n<\/div>\n<\/div>\n<div id=\"rkg54inlineContent\" class=\"s33inlineContent\" data-reactid=\".0.$SITE_ROOT.$desktop_siteRoot.$PAGES_CONTAINER.1.1.$SITE_PAGES.$rkg54.1\">\n<div id=\"comp-iycpxovr\" class=\"s2\" data-reactid=\".0.$SITE_ROOT.$desktop_siteRoot.$PAGES_CONTAINER.1.1.$SITE_PAGES.$rkg54.1.$comp-iycpxovr\">\n<p class=\"font_8\" style=\"text-align: right;\"><span class=\"font_8\"><em>Consulter tarifs et horaires<\/em><a href=\"https:\/\/www.palaciorealtestamentario.es\/fr\/horaires-et-tarifs\/\"><img loading=\"lazy\" decoding=\"async\" class=\"alignnone wp-image-189\" src=\"https:\/\/www.palaciorealtestamentario.es\/wp-content\/uploads\/2017\/03\/plani_conoce.png\" alt=\"Clic para mas informaci\u00f3n\" width=\"27\" height=\"27\" \/><\/a><br \/>\n<\/span><\/p>\n<\/div>\n<\/div>\n<p>[\/et_pb_text][\/et_pb_column_inner][et_pb_column_inner type=\u00a0\u00bb1_2&Prime; saved_specialty_column_type=\u00a0\u00bb3_4&Prime; _builder_version=\u00a0\u00bb4.16&Prime; custom_padding=\u00a0\u00bb|||\u00a0\u00bb global_colors_info=\u00a0\u00bb{}\u00a0\u00bb custom_padding__hover=\u00a0\u00bb|||\u00a0\u00bb][et_pb_text admin_label=\u00a0\u00bbVisita en Familia\u00a0\u00bb _builder_version=\u00a0\u00bb4.16&Prime; background_size=\u00a0\u00bbinitial\u00a0\u00bb background_position=\u00a0\u00bbtop_left\u00a0\u00bb background_repeat=\u00a0\u00bbrepeat\u00a0\u00bb use_border_color=\u00a0\u00bboff\u00a0\u00bb border_color=\u00a0\u00bb#ffffff\u00a0\u00bb border_style=\u00a0\u00bbsolid\u00a0\u00bb global_colors_info=\u00a0\u00bb{}\u00a0\u00bb]<span style=\"color: #ae2f2f;\"><strong><u>Visite en Famille<\/u><\/strong><\/span><\/p>\n<div id=\"rkg54inlineContent\" class=\"s33inlineContent\" data-reactid=\".0.$SITE_ROOT.$desktop_siteRoot.$PAGES_CONTAINER.1.1.$SITE_PAGES.$rkg54.1\">\n<div id=\"comp-iycr7an0\" class=\"s2\" data-reactid=\".0.$SITE_ROOT.$desktop_siteRoot.$PAGES_CONTAINER.1.1.$SITE_PAGES.$rkg54.1.$comp-iycr7an0\">\n<p>Pour les visiteurs qui voyagent en famille, le palais dispose de carnets didactiques (uniquement en espagnol pour l\u2019instant) pour que les plus petits puissent \u00e9galement profiter de la visite.<\/p>\n<p>Les carnets seront donn\u00e9s aux moins de 12 ans gratuitement au moment de l\u2019achat des entr\u00e9es.<\/p>\n<p>Mais si les enfants veulent participer encore plus, ils peuvent participer aux diff\u00e9rents ateliers qui ont lieu tout au long de l\u2019ann\u00e9e au Palais Royal. Pour plus d\u2019information, consultez \u201cnouvelles et activit\u00e9s\u201d.<\/p>\n<p><strong>Dur\u00e9e:<\/strong> Il est recommand\u00e9 environ 45 minutes pour visiter le Palais.<\/p>\n<\/div>\n<\/div>\n<div id=\"rkg54inlineContent\" class=\"s33inlineContent\" data-reactid=\".0.$SITE_ROOT.$desktop_siteRoot.$PAGES_CONTAINER.1.1.$SITE_PAGES.$rkg54.1\">\n<div id=\"comp-iycpxovr\" class=\"s2\" data-reactid=\".0.$SITE_ROOT.$desktop_siteRoot.$PAGES_CONTAINER.1.1.$SITE_PAGES.$rkg54.1.$comp-iycpxovr\">\n<p class=\"font_8\" style=\"text-align: right;\"><span class=\"font_8\"><em>Consulter tarifs et horaires<\/em> <a href=\"https:\/\/www.palaciorealtestamentario.es\/fr\/horaires-et-tarifs\/\"><img loading=\"lazy\" decoding=\"async\" class=\"alignnone wp-image-189\" src=\"https:\/\/www.palaciorealtestamentario.es\/wp-content\/uploads\/2017\/03\/plani_conoce.png\" alt=\"Clic para mas informaci\u00f3n\" width=\"27\" height=\"27\" \/><\/a><br \/>\n<\/span><\/p>\n<\/div>\n<\/div>\n<p>[\/et_pb_text][\/et_pb_column_inner][\/et_pb_row_inner][et_pb_row_inner admin_label=\u00a0\u00bbFila\u00a0\u00bb _builder_version=\u00a0\u00bb4.16&Prime; custom_padding=\u00a0\u00bb7px|0px|6px|0px\u00a0\u00bb global_colors_info=\u00a0\u00bb{}\u00a0\u00bb][et_pb_column_inner saved_specialty_column_type=\u00a0\u00bb3_4&Prime; _builder_version=\u00a0\u00bb4.16&Prime; custom_padding=\u00a0\u00bb|||\u00a0\u00bb global_colors_info=\u00a0\u00bb{}\u00a0\u00bb custom_padding__hover=\u00a0\u00bb|||\u00a0\u00bb][et_pb_image src=\u00a0\u00bbhttps:\/\/www.palaciorealtestamentario.es\/wp-content\/uploads\/2017\/03\/individual-familia.jpg\u00a0\u00bb align_tablet=\u00a0\u00bbcenter\u00a0\u00bb align_last_edited=\u00a0\u00bbon|desktop\u00a0\u00bb admin_label=\u00a0\u00bbImagen\u00a0\u00bb _builder_version=\u00a0\u00bb4.16&Prime; animation_style=\u00a0\u00bbslide\u00a0\u00bb animation_direction=\u00a0\u00bbleft\u00a0\u00bb animation_duration=\u00a0\u00bb500ms\u00a0\u00bb animation_intensity_slide=\u00a0\u00bb10%\u00a0\u00bb use_border_color=\u00a0\u00bboff\u00a0\u00bb border_color=\u00a0\u00bb#ffffff\u00a0\u00bb border_style=\u00a0\u00bbsolid\u00a0\u00bb animation=\u00a0\u00bbleft\u00a0\u00bb sticky=\u00a0\u00bboff\u00a0\u00bb always_center_on_mobile=\u00a0\u00bbon\u00a0\u00bb global_colors_info=\u00a0\u00bb{}\u00a0\u00bb align_phone=\u00a0\u00bbcenter\u00a0\u00bb][\/et_pb_image][et_pb_divider color=\u00a0\u00bb#af3418&Prime; disabled_on=\u00a0\u00bbon|on|off\u00a0\u00bb admin_label=\u00a0\u00bbSeparador\u00a0\u00bb _builder_version=\u00a0\u00bb4.16&Prime; saved_tabs=\u00a0\u00bball\u00a0\u00bb global_colors_info=\u00a0\u00bb{}\u00a0\u00bb][\/et_pb_divider][\/et_pb_column_inner][\/et_pb_row_inner][et_pb_row_inner admin_label=\u00a0\u00bbFila\u00a0\u00bb _builder_version=\u00a0\u00bb4.16&Prime; custom_padding=\u00a0\u00bb29.6833px|0px|2px|0px\u00a0\u00bb global_colors_info=\u00a0\u00bb{}\u00a0\u00bb column_structure=\u00a0\u00bb1_2,1_2&Prime;][et_pb_column_inner type=\u00a0\u00bb1_2&Prime; saved_specialty_column_type=\u00a0\u00bb3_4&Prime; _builder_version=\u00a0\u00bb4.16&Prime; custom_padding=\u00a0\u00bb|||\u00a0\u00bb global_colors_info=\u00a0\u00bb{}\u00a0\u00bb custom_padding__hover=\u00a0\u00bb|||\u00a0\u00bb][et_pb_text admin_label=\u00a0\u00bbVisita en Grupo\u00a0\u00bb _builder_version=\u00a0\u00bb4.16&Prime; background_size=\u00a0\u00bbinitial\u00a0\u00bb background_position=\u00a0\u00bbtop_left\u00a0\u00bb background_repeat=\u00a0\u00bbrepeat\u00a0\u00bb use_border_color=\u00a0\u00bboff\u00a0\u00bb border_color=\u00a0\u00bb#ffffff\u00a0\u00bb border_style=\u00a0\u00bbsolid\u00a0\u00bb global_colors_info=\u00a0\u00bb{}\u00a0\u00bb]<\/p>\n<p><span style=\"color: #ae2f2f;\"><strong><u>Visite en Groupe<\/u><\/strong><\/span><\/p>\n<div id=\"rkg54inlineContent\" class=\"s33inlineContent\" data-reactid=\".0.$SITE_ROOT.$desktop_siteRoot.$PAGES_CONTAINER.1.1.$SITE_PAGES.$rkg54.1\">\n<div id=\"comp-iycr7an0\" class=\"s2\" data-reactid=\".0.$SITE_ROOT.$desktop_siteRoot.$PAGES_CONTAINER.1.1.$SITE_PAGES.$rkg54.1.$comp-iycr7an0\">\n<p>\u00a0Les groupes de plus de 25 personnes peuvent r\u00e9aliser deux types de visites: \u200b<\/p>\n<ul>\n<li><strong>Visite guid\u00e9e:<\/strong> les visiteurs seront accompagn\u00e9s par un guide qui leur montrera les aspects les plus inconnus de la vie de la reine, ainsi que ses derniers jours et les dispositions qu\u2019elle prit dans son testament et codicille. Il est obligatoire de faire une r\u00e9servation afin de pouvoir programmer la visite guid\u00e9e et disposer du personnel n\u00e9cessaire. <strong>Dur\u00e9e:<\/strong> 45 minutes environ.<\/li>\n<li><strong>Visite libre:<\/strong> Les groupes de plus de 25 personnes ne sont pas oblig\u00e9s de faire la visite guid\u00e9e, ils peuvent la faire de mani\u00e8re libre. Si le groupe a son propre guide, celui-ci doit \u00eatre homologu\u00e9 pour pouvoir r\u00e9aliser la visite. Il n\u2019est pas n\u00e9cessaire de faire de r\u00e9servation mais il est recommand\u00e9 d\u2019informer le palais de cette visite au moins 24 heures avant<strong>Dur\u00e9e:<\/strong> Il est recommand\u00e9 environ 45 minutes pour visiter le Palais.<\/li>\n<\/ul>\n<\/div>\n<\/div>\n<div id=\"rkg54inlineContent\" class=\"s33inlineContent\" data-reactid=\".0.$SITE_ROOT.$desktop_siteRoot.$PAGES_CONTAINER.1.1.$SITE_PAGES.$rkg54.1\">\n<div id=\"comp-iycpxovr\" class=\"s2\" data-reactid=\".0.$SITE_ROOT.$desktop_siteRoot.$PAGES_CONTAINER.1.1.$SITE_PAGES.$rkg54.1.$comp-iycpxovr\">\n<div id=\"rkg54inlineContent\" class=\"s33inlineContent\" data-reactid=\".0.$SITE_ROOT.$desktop_siteRoot.$PAGES_CONTAINER.1.1.$SITE_PAGES.$rkg54.1\">\n<div id=\"comp-iycr7an0\" class=\"s2\" data-reactid=\".0.$SITE_ROOT.$desktop_siteRoot.$PAGES_CONTAINER.1.1.$SITE_PAGES.$rkg54.1.$comp-iycr7an0\">\n<p class=\"font_8\" style=\"text-align: right;\"><span class=\"font_8\">\u200b<em>Consulter tarifs et horaires<\/em> <a href=\"https:\/\/www.palaciorealtestamentario.es\/fr\/horaires-et-tarifs\/\"><img loading=\"lazy\" decoding=\"async\" class=\"alignnone wp-image-189\" src=\"https:\/\/www.palaciorealtestamentario.es\/wp-content\/uploads\/2017\/03\/plani_conoce.png\" alt=\"Clic para mas informaci\u00f3n\" width=\"27\" height=\"27\" \/><\/a><br \/><\/span><\/p>\n<\/div>\n<\/div>\n<\/div>\n<\/div>\n<p>[\/et_pb_text][\/et_pb_column_inner][et_pb_column_inner type=\u00a0\u00bb1_2&Prime; saved_specialty_column_type=\u00a0\u00bb3_4&Prime; _builder_version=\u00a0\u00bb4.16&Prime; custom_padding=\u00a0\u00bb|||\u00a0\u00bb global_colors_info=\u00a0\u00bb{}\u00a0\u00bb custom_padding__hover=\u00a0\u00bb|||\u00a0\u00bb][et_pb_text admin_label=\u00a0\u00bbVisita grupos escolares\u00a0\u00bb _builder_version=\u00a0\u00bb4.16&Prime; background_size=\u00a0\u00bbinitial\u00a0\u00bb background_position=\u00a0\u00bbtop_left\u00a0\u00bb background_repeat=\u00a0\u00bbrepeat\u00a0\u00bb use_border_color=\u00a0\u00bboff\u00a0\u00bb border_color=\u00a0\u00bb#ffffff\u00a0\u00bb border_style=\u00a0\u00bbsolid\u00a0\u00bb global_colors_info=\u00a0\u00bb{}\u00a0\u00bb]<span style=\"color: #ae2f2f;\"><strong><u>Visite pour groupes scolaires et \u00e9ducatifs<\/u><\/strong><\/span><\/p>\n<p>Gr\u00e2ce \u00e0 la visite du Palais Royal Testamentaire d\u2019Isabelle la Catholique, l\u2019\u00e9l\u00e8ve s\u2019approchera du personnage de la reine Isabelle et connaitra les faits les plus marquants de son r\u00e8gne de mani\u00e8re adapt\u00e9e \u00e0 son niveau \u00e9ducatif et \u00e0 ses connaissances. Le guide connectera avec les \u00e9l\u00e8ves qui se convertiront en authentiques acteurs de l\u2019histoire.<\/p>\n<p>Tout au long de la visite, ils d\u00e9couvriront comment marchait le gouvernement du royaume, ainsi que les facettes les plus personnelles et humaines de la reine de Castille.<\/p>\n<p>Finalement, ils verront deux des documents les plus importants que la reine dicta juste avant de mourir: le testament et le codicille.<\/p>\n<p>Les centres scolaires ont \u00e0 leur disposition deux unit\u00e9s didactiques:<\/p>\n<ul>\n<li><strong>Les visages d\u2019Isabelle.<\/strong> Elabor\u00e9e pour l\u2019\u00e9ducation primaire.<\/li>\n<li><strong>La Famille Royale.<\/strong> Elabor\u00e9e pour l\u2019\u00e9ducation secondaire.<\/li>\n<\/ul>\n<p>&nbsp;<\/p>\n<div id=\"rkg54inlineContent\" class=\"s33inlineContent\" data-reactid=\".0.$SITE_ROOT.$desktop_siteRoot.$PAGES_CONTAINER.1.1.$SITE_PAGES.$rkg54.1\">\n<div id=\"comp-iycpxovr\" class=\"s2\" data-reactid=\".0.$SITE_ROOT.$desktop_siteRoot.$PAGES_CONTAINER.1.1.$SITE_PAGES.$rkg54.1.$comp-iycpxovr\">\n<p class=\"font_8\" style=\"text-align: right;\"><span class=\"font_8\"><em>Consulter tarifs et horaires<\/em><a href=\"https:\/\/www.palaciorealtestamentario.es\/horarios-y-tarifas\"><img loading=\"lazy\" decoding=\"async\" class=\"alignnone wp-image-189\" src=\"https:\/\/www.palaciorealtestamentario.es\/wp-content\/uploads\/2017\/03\/plani_conoce.png\" alt=\"Clic para mas informaci\u00f3n\" width=\"27\" height=\"27\" \/><\/a><br \/>\n<\/span><\/p>\n<p class=\"font_8\" style=\"text-align: right;\">\n<\/div>\n<\/div>\n<p>[\/et_pb_text][\/et_pb_column_inner][\/et_pb_row_inner][et_pb_row_inner admin_label=\u00a0\u00bbFila\u00a0\u00bb _builder_version=\u00a0\u00bb4.16&Prime; custom_padding=\u00a0\u00bb4px|0px|29.6833px|0px\u00a0\u00bb global_colors_info=\u00a0\u00bb{}\u00a0\u00bb][et_pb_column_inner saved_specialty_column_type=\u00a0\u00bb3_4&Prime; _builder_version=\u00a0\u00bb4.16&Prime; custom_padding=\u00a0\u00bb|||\u00a0\u00bb global_colors_info=\u00a0\u00bb{}\u00a0\u00bb custom_padding__hover=\u00a0\u00bb|||\u00a0\u00bb][et_pb_image src=\u00a0\u00bbhttps:\/\/www.palaciorealtestamentario.es\/wp-content\/uploads\/2017\/03\/grupoescolar.jpg\u00a0\u00bb align_tablet=\u00a0\u00bbcenter\u00a0\u00bb align_last_edited=\u00a0\u00bbon|desktop\u00a0\u00bb admin_label=\u00a0\u00bbImagen\u00a0\u00bb _builder_version=\u00a0\u00bb4.16&Prime; animation_style=\u00a0\u00bbslide\u00a0\u00bb animation_direction=\u00a0\u00bbleft\u00a0\u00bb animation_duration=\u00a0\u00bb500ms\u00a0\u00bb animation_intensity_slide=\u00a0\u00bb10%\u00a0\u00bb use_border_color=\u00a0\u00bboff\u00a0\u00bb border_color=\u00a0\u00bb#ffffff\u00a0\u00bb border_style=\u00a0\u00bbsolid\u00a0\u00bb animation=\u00a0\u00bbleft\u00a0\u00bb sticky=\u00a0\u00bboff\u00a0\u00bb always_center_on_mobile=\u00a0\u00bbon\u00a0\u00bb global_colors_info=\u00a0\u00bb{}\u00a0\u00bb align_phone=\u00a0\u00bbcenter\u00a0\u00bb][\/et_pb_image][et_pb_divider color=\u00a0\u00bb#af3418&Prime; disabled_on=\u00a0\u00bbon|on|off\u00a0\u00bb admin_label=\u00a0\u00bbSeparador\u00a0\u00bb _builder_version=\u00a0\u00bb4.16&Prime; saved_tabs=\u00a0\u00bball\u00a0\u00bb global_colors_info=\u00a0\u00bb{}\u00a0\u00bb][\/et_pb_divider][\/et_pb_column_inner][\/et_pb_row_inner][et_pb_row_inner admin_label=\u00a0\u00bbFila\u00a0\u00bb _builder_version=\u00a0\u00bb4.16&Prime; global_colors_info=\u00a0\u00bb{}\u00a0\u00bb column_structure=\u00a0\u00bb1_2,1_2&Prime;][et_pb_column_inner type=\u00a0\u00bb1_2&Prime; saved_specialty_column_type=\u00a0\u00bb3_4&Prime; _builder_version=\u00a0\u00bb4.16&Prime; custom_padding=\u00a0\u00bb|||\u00a0\u00bb global_colors_info=\u00a0\u00bb{}\u00a0\u00bb custom_padding__hover=\u00a0\u00bb|||\u00a0\u00bb][et_pb_text admin_label=\u00a0\u00bbVisitas Especiales y Tematicas\u00a0\u00bb _builder_version=\u00a0\u00bb4.16&Prime; background_size=\u00a0\u00bbinitial\u00a0\u00bb background_position=\u00a0\u00bbtop_left\u00a0\u00bb background_repeat=\u00a0\u00bbrepeat\u00a0\u00bb use_border_color=\u00a0\u00bboff\u00a0\u00bb border_color=\u00a0\u00bb#ffffff\u00a0\u00bb border_style=\u00a0\u00bbsolid\u00a0\u00bb global_colors_info=\u00a0\u00bb{}\u00a0\u00bb]<\/p>\n<p><strong><u><span style=\"color: #ae2f2f;\">Visites sp\u00e9ciales, adapt\u00e9es et th\u00e9matiques<\/span> <\/u><\/strong><\/p>\n<h3><span style=\"color: #800000;\">\u00a0<\/span><\/h3>\n<div id=\"rkg54inlineContent\" class=\"s33inlineContent\" data-reactid=\".0.$SITE_ROOT.$desktop_siteRoot.$PAGES_CONTAINER.1.1.$SITE_PAGES.$rkg54.1\">\n<div id=\"comp-iycr7an0\" class=\"s2\" data-reactid=\".0.$SITE_ROOT.$desktop_siteRoot.$PAGES_CONTAINER.1.1.$SITE_PAGES.$rkg54.1.$comp-iycr7an0\">\n<p>\u200b<strong>\u201cPROMENADE\u201d NOCTURNE DANS LE PALAIS<\/strong><\/p>\n<p>Serait-il un simple visiteur ou serait-il poss\u00e9d\u00e9 par l\u2019esprit de quelque r\u00e9sident du palais\u00a0? D\u00e9couvrez la face la plus occulte du Palais Royal Testamentaire. La nuit est le moment propice pour l\u2019imagination, pour conter les secrets jamais \u00e9cout\u00e9s&#8230;<\/p>\n<p>Les murs de ce palais en connaissent beaucoup et nous pensons qu\u2019il est temps de vous les r\u00e9v\u00e9ler au cours de cette nuit sp\u00e9ciale.<\/p>\n<p>Cette visite se r\u00e9alise pour les groupes de moins de 20 personnes et \u00e0 des dates concr\u00e8tes. Si vous d\u00e9sirez une visite pour un groupe de plus de 20 personnes en dehors de ces dates, consultez la disponibilit\u00e9.<\/p>\n<p><strong>\u00a0<\/strong><\/p>\n<p><strong>Dur\u00e9e<\/strong>: 60-70 minutes<\/p>\n<p><strong>Tarifs:<\/strong><\/p>\n<p>7\u20ac\/personne pour des visiteurs individuels qui font la visite organis\u00e9e par le palais aux dates programm\u00e9es.<\/p>\n<p>200\u20ac\/groupe qui sollicite une visite en dehors des dates programm\u00e9es par le Palais (maximum 25 personnes par groupe).<\/p>\n<\/div>\n<\/div>\n<p>[\/et_pb_text][\/et_pb_column_inner][et_pb_column_inner type=\u00a0\u00bb1_2&Prime; saved_specialty_column_type=\u00a0\u00bb3_4&Prime; _builder_version=\u00a0\u00bb4.16&Prime; custom_padding=\u00a0\u00bb|||\u00a0\u00bb global_colors_info=\u00a0\u00bb{}\u00a0\u00bb custom_padding__hover=\u00a0\u00bb|||\u00a0\u00bb][et_pb_image src=\u00a0\u00bbhttps:\/\/www.palaciorealtestamentario.es\/wp-content\/uploads\/2017\/09\/Palacio-Real-Testamentario-8.jpg\u00a0\u00bb _builder_version=\u00a0\u00bb4.23.1&Prime; _module_preset=\u00a0\u00bbdefault\u00a0\u00bb title_text=\u00a0\u00bbPalacio Real Testamentario\u00a0\u00bb hover_enabled=\u00a0\u00bb0&Prime; sticky_enabled=\u00a0\u00bb0&Prime;][\/et_pb_image][\/et_pb_column_inner][\/et_pb_row_inner][et_pb_row_inner admin_label=\u00a0\u00bbFila\u00a0\u00bb _builder_version=\u00a0\u00bb4.16&Prime; global_colors_info=\u00a0\u00bb{}\u00a0\u00bb][et_pb_column_inner saved_specialty_column_type=\u00a0\u00bb3_4&Prime; _builder_version=\u00a0\u00bb4.16&Prime; custom_padding=\u00a0\u00bb|||\u00a0\u00bb global_colors_info=\u00a0\u00bb{}\u00a0\u00bb custom_padding__hover=\u00a0\u00bb|||\u00a0\u00bb][et_pb_image src=\u00a0\u00bbhttps:\/\/www.palaciorealtestamentario.es\/wp-content\/uploads\/2017\/03\/nocturnoteatralizada.jpg\u00a0\u00bb align_tablet=\u00a0\u00bbcenter\u00a0\u00bb align_last_edited=\u00a0\u00bbon|desktop\u00a0\u00bb admin_label=\u00a0\u00bbImagen\u00a0\u00bb _builder_version=\u00a0\u00bb4.16&Prime; animation_style=\u00a0\u00bbslide\u00a0\u00bb animation_direction=\u00a0\u00bbleft\u00a0\u00bb animation_duration=\u00a0\u00bb500ms\u00a0\u00bb animation_intensity_slide=\u00a0\u00bb10%\u00a0\u00bb use_border_color=\u00a0\u00bboff\u00a0\u00bb border_color=\u00a0\u00bb#ffffff\u00a0\u00bb border_style=\u00a0\u00bbsolid\u00a0\u00bb animation=\u00a0\u00bbleft\u00a0\u00bb sticky=\u00a0\u00bboff\u00a0\u00bb always_center_on_mobile=\u00a0\u00bbon\u00a0\u00bb global_colors_info=\u00a0\u00bb{}\u00a0\u00bb align_phone=\u00a0\u00bbcenter\u00a0\u00bb][\/et_pb_image][\/et_pb_column_inner][\/et_pb_row_inner][\/et_pb_column][\/et_pb_section]<\/p>\n","protected":false},"excerpt":{"rendered":"<p>TYPOLOGIES DE VISITE &nbsp; \u200b\u00c0 travers des diff\u00e9rentes salles et des nombreux panneaux interactifs, vous d\u00e9couvrirez la vie d\u2019Isabelle la Catholique: sa naissance,\u00a0 son couronnement comme reine de Castille, sa vie familiale et sa mort entre ces murs. Mais \u00e9galement les \u00e9v\u00e8nements les plus importants de son r\u00e8gne et son lien avec la ville de [&hellip;]<\/p>\n","protected":false},"author":1,"featured_media":0,"parent":0,"menu_order":2,"comment_status":"closed","ping_status":"closed","template":"","meta":{"_et_pb_use_builder":"on","_et_pb_old_content":"","_et_gb_content_width":"","footnotes":""},"class_list":["post-780","page","type-page","status-publish","hentry"],"yoast_head":"<!-- This site is optimized with the Yoast SEO plugin v27.4 - https:\/\/yoast.com\/product\/yoast-seo-wordpress\/ -->\n<title>TYPOLOGIES DE VISITE - Palacio Real Testamentario<\/title>\n<meta name=\"robots\" content=\"index, follow, max-snippet:-1, max-image-preview:large, max-video-preview:-1\" \/>\n<link rel=\"canonical\" href=\"https:\/\/www.palaciorealtestamentario.es\/fr\/typologies-de-visite\/\" \/>\n<meta property=\"og:locale\" content=\"fr_FR\" \/>\n<meta property=\"og:type\" content=\"article\" \/>\n<meta property=\"og:title\" content=\"TYPOLOGIES DE VISITE - Palacio Real Testamentario\" \/>\n<meta property=\"og:description\" content=\"TYPOLOGIES DE VISITE &nbsp; \u200b\u00c0 travers des diff\u00e9rentes salles et des nombreux panneaux interactifs, vous d\u00e9couvrirez la vie d\u2019Isabelle la Catholique: sa naissance,\u00a0 son couronnement comme reine de Castille, sa vie familiale et sa mort entre ces murs. Mais \u00e9galement les \u00e9v\u00e8nements les plus importants de son r\u00e8gne et son lien avec la ville de [&hellip;]\" \/>\n<meta property=\"og:url\" content=\"https:\/\/www.palaciorealtestamentario.es\/fr\/typologies-de-visite\/\" \/>\n<meta property=\"og:site_name\" content=\"Palacio Real Testamentario\" \/>\n<meta property=\"article:publisher\" content=\"https:\/\/www.facebook.com\/PalacioYsabel\/\" \/>\n<meta property=\"article:modified_time\" content=\"2024-01-23T16:33:19+00:00\" \/>\n<meta property=\"og:image\" content=\"https:\/\/www.palaciorealtestamentario.es\/wp-content\/uploads\/2017\/03\/lateralreina1.jpg\" \/>\n<meta name=\"twitter:card\" content=\"summary_large_image\" \/>\n<meta name=\"twitter:site\" content=\"@PalacioYsabel\" \/>\n<meta name=\"twitter:label1\" content=\"Dur\u00e9e de lecture estim\u00e9e\" \/>\n\t<meta name=\"twitter:data1\" content=\"9 minutes\" \/>\n<script type=\"application\/ld+json\" class=\"yoast-schema-graph\">{\"@context\":\"https:\\\/\\\/schema.org\",\"@graph\":[{\"@type\":\"WebPage\",\"@id\":\"https:\\\/\\\/www.palaciorealtestamentario.es\\\/fr\\\/typologies-de-visite\\\/\",\"url\":\"https:\\\/\\\/www.palaciorealtestamentario.es\\\/fr\\\/typologies-de-visite\\\/\",\"name\":\"TYPOLOGIES DE VISITE - Palacio Real Testamentario\",\"isPartOf\":{\"@id\":\"https:\\\/\\\/www.palaciorealtestamentario.es\\\/#website\"},\"primaryImageOfPage\":{\"@id\":\"https:\\\/\\\/www.palaciorealtestamentario.es\\\/fr\\\/typologies-de-visite\\\/#primaryimage\"},\"image\":{\"@id\":\"https:\\\/\\\/www.palaciorealtestamentario.es\\\/fr\\\/typologies-de-visite\\\/#primaryimage\"},\"thumbnailUrl\":\"https:\\\/\\\/www.palaciorealtestamentario.es\\\/wp-content\\\/uploads\\\/2017\\\/03\\\/lateralreina1.jpg\",\"datePublished\":\"2017-11-06T17:16:39+00:00\",\"dateModified\":\"2024-01-23T16:33:19+00:00\",\"breadcrumb\":{\"@id\":\"https:\\\/\\\/www.palaciorealtestamentario.es\\\/fr\\\/typologies-de-visite\\\/#breadcrumb\"},\"inLanguage\":\"fr-FR\",\"potentialAction\":[{\"@type\":\"ReadAction\",\"target\":[\"https:\\\/\\\/www.palaciorealtestamentario.es\\\/fr\\\/typologies-de-visite\\\/\"]}]},{\"@type\":\"ImageObject\",\"inLanguage\":\"fr-FR\",\"@id\":\"https:\\\/\\\/www.palaciorealtestamentario.es\\\/fr\\\/typologies-de-visite\\\/#primaryimage\",\"url\":\"https:\\\/\\\/www.palaciorealtestamentario.es\\\/wp-content\\\/uploads\\\/2017\\\/03\\\/lateralreina1.jpg\",\"contentUrl\":\"https:\\\/\\\/www.palaciorealtestamentario.es\\\/wp-content\\\/uploads\\\/2017\\\/03\\\/lateralreina1.jpg\"},{\"@type\":\"BreadcrumbList\",\"@id\":\"https:\\\/\\\/www.palaciorealtestamentario.es\\\/fr\\\/typologies-de-visite\\\/#breadcrumb\",\"itemListElement\":[{\"@type\":\"ListItem\",\"position\":1,\"name\":\"Portada\",\"item\":\"https:\\\/\\\/www.palaciorealtestamentario.es\\\/fr\\\/\"},{\"@type\":\"ListItem\",\"position\":2,\"name\":\"TYPOLOGIES DE VISITE\"}]},{\"@type\":\"WebSite\",\"@id\":\"https:\\\/\\\/www.palaciorealtestamentario.es\\\/#website\",\"url\":\"https:\\\/\\\/www.palaciorealtestamentario.es\\\/\",\"name\":\"Palacio Real Testamentario\",\"description\":\"Palacio Real Testamentario de Isabel la Catolica\",\"publisher\":{\"@id\":\"https:\\\/\\\/www.palaciorealtestamentario.es\\\/#organization\"},\"potentialAction\":[{\"@type\":\"SearchAction\",\"target\":{\"@type\":\"EntryPoint\",\"urlTemplate\":\"https:\\\/\\\/www.palaciorealtestamentario.es\\\/?s={search_term_string}\"},\"query-input\":{\"@type\":\"PropertyValueSpecification\",\"valueRequired\":true,\"valueName\":\"search_term_string\"}}],\"inLanguage\":\"fr-FR\"},{\"@type\":\"Organization\",\"@id\":\"https:\\\/\\\/www.palaciorealtestamentario.es\\\/#organization\",\"name\":\"Palacio Real Testamentario\",\"url\":\"https:\\\/\\\/www.palaciorealtestamentario.es\\\/\",\"logo\":{\"@type\":\"ImageObject\",\"inLanguage\":\"fr-FR\",\"@id\":\"https:\\\/\\\/www.palaciorealtestamentario.es\\\/#\\\/schema\\\/logo\\\/image\\\/\",\"url\":\"https:\\\/\\\/www.palaciorealtestamentario.es\\\/wp-content\\\/uploads\\\/2017\\\/08\\\/logowebpalacio.png\",\"contentUrl\":\"https:\\\/\\\/www.palaciorealtestamentario.es\\\/wp-content\\\/uploads\\\/2017\\\/08\\\/logowebpalacio.png\",\"width\":1024,\"height\":117,\"caption\":\"Palacio Real Testamentario\"},\"image\":{\"@id\":\"https:\\\/\\\/www.palaciorealtestamentario.es\\\/#\\\/schema\\\/logo\\\/image\\\/\"},\"sameAs\":[\"https:\\\/\\\/www.facebook.com\\\/PalacioYsabel\\\/\",\"https:\\\/\\\/x.com\\\/PalacioYsabel\",\"https:\\\/\\\/www.instagram.com\\\/palacio_ysabel\\\/?hl=es\"]}]}<\/script>\n<!-- \/ Yoast SEO plugin. -->","yoast_head_json":{"title":"TYPOLOGIES DE VISITE - Palacio Real Testamentario","robots":{"index":"index","follow":"follow","max-snippet":"max-snippet:-1","max-image-preview":"max-image-preview:large","max-video-preview":"max-video-preview:-1"},"canonical":"https:\/\/www.palaciorealtestamentario.es\/fr\/typologies-de-visite\/","og_locale":"fr_FR","og_type":"article","og_title":"TYPOLOGIES DE VISITE - Palacio Real Testamentario","og_description":"TYPOLOGIES DE VISITE &nbsp; \u200b\u00c0 travers des diff\u00e9rentes salles et des nombreux panneaux interactifs, vous d\u00e9couvrirez la vie d\u2019Isabelle la Catholique: sa naissance,\u00a0 son couronnement comme reine de Castille, sa vie familiale et sa mort entre ces murs. Mais \u00e9galement les \u00e9v\u00e8nements les plus importants de son r\u00e8gne et son lien avec la ville de [&hellip;]","og_url":"https:\/\/www.palaciorealtestamentario.es\/fr\/typologies-de-visite\/","og_site_name":"Palacio Real Testamentario","article_publisher":"https:\/\/www.facebook.com\/PalacioYsabel\/","article_modified_time":"2024-01-23T16:33:19+00:00","og_image":[{"url":"https:\/\/www.palaciorealtestamentario.es\/wp-content\/uploads\/2017\/03\/lateralreina1.jpg","type":"","width":"","height":""}],"twitter_card":"summary_large_image","twitter_site":"@PalacioYsabel","twitter_misc":{"Dur\u00e9e de lecture estim\u00e9e":"9 minutes"},"schema":{"@context":"https:\/\/schema.org","@graph":[{"@type":"WebPage","@id":"https:\/\/www.palaciorealtestamentario.es\/fr\/typologies-de-visite\/","url":"https:\/\/www.palaciorealtestamentario.es\/fr\/typologies-de-visite\/","name":"TYPOLOGIES DE VISITE - Palacio Real Testamentario","isPartOf":{"@id":"https:\/\/www.palaciorealtestamentario.es\/#website"},"primaryImageOfPage":{"@id":"https:\/\/www.palaciorealtestamentario.es\/fr\/typologies-de-visite\/#primaryimage"},"image":{"@id":"https:\/\/www.palaciorealtestamentario.es\/fr\/typologies-de-visite\/#primaryimage"},"thumbnailUrl":"https:\/\/www.palaciorealtestamentario.es\/wp-content\/uploads\/2017\/03\/lateralreina1.jpg","datePublished":"2017-11-06T17:16:39+00:00","dateModified":"2024-01-23T16:33:19+00:00","breadcrumb":{"@id":"https:\/\/www.palaciorealtestamentario.es\/fr\/typologies-de-visite\/#breadcrumb"},"inLanguage":"fr-FR","potentialAction":[{"@type":"ReadAction","target":["https:\/\/www.palaciorealtestamentario.es\/fr\/typologies-de-visite\/"]}]},{"@type":"ImageObject","inLanguage":"fr-FR","@id":"https:\/\/www.palaciorealtestamentario.es\/fr\/typologies-de-visite\/#primaryimage","url":"https:\/\/www.palaciorealtestamentario.es\/wp-content\/uploads\/2017\/03\/lateralreina1.jpg","contentUrl":"https:\/\/www.palaciorealtestamentario.es\/wp-content\/uploads\/2017\/03\/lateralreina1.jpg"},{"@type":"BreadcrumbList","@id":"https:\/\/www.palaciorealtestamentario.es\/fr\/typologies-de-visite\/#breadcrumb","itemListElement":[{"@type":"ListItem","position":1,"name":"Portada","item":"https:\/\/www.palaciorealtestamentario.es\/fr\/"},{"@type":"ListItem","position":2,"name":"TYPOLOGIES DE VISITE"}]},{"@type":"WebSite","@id":"https:\/\/www.palaciorealtestamentario.es\/#website","url":"https:\/\/www.palaciorealtestamentario.es\/","name":"Palacio Real Testamentario","description":"Palacio Real Testamentario de Isabel la Catolica","publisher":{"@id":"https:\/\/www.palaciorealtestamentario.es\/#organization"},"potentialAction":[{"@type":"SearchAction","target":{"@type":"EntryPoint","urlTemplate":"https:\/\/www.palaciorealtestamentario.es\/?s={search_term_string}"},"query-input":{"@type":"PropertyValueSpecification","valueRequired":true,"valueName":"search_term_string"}}],"inLanguage":"fr-FR"},{"@type":"Organization","@id":"https:\/\/www.palaciorealtestamentario.es\/#organization","name":"Palacio Real Testamentario","url":"https:\/\/www.palaciorealtestamentario.es\/","logo":{"@type":"ImageObject","inLanguage":"fr-FR","@id":"https:\/\/www.palaciorealtestamentario.es\/#\/schema\/logo\/image\/","url":"https:\/\/www.palaciorealtestamentario.es\/wp-content\/uploads\/2017\/08\/logowebpalacio.png","contentUrl":"https:\/\/www.palaciorealtestamentario.es\/wp-content\/uploads\/2017\/08\/logowebpalacio.png","width":1024,"height":117,"caption":"Palacio Real Testamentario"},"image":{"@id":"https:\/\/www.palaciorealtestamentario.es\/#\/schema\/logo\/image\/"},"sameAs":["https:\/\/www.facebook.com\/PalacioYsabel\/","https:\/\/x.com\/PalacioYsabel","https:\/\/www.instagram.com\/palacio_ysabel\/?hl=es"]}]}},"_links":{"self":[{"href":"https:\/\/www.palaciorealtestamentario.es\/fr\/wp-json\/wp\/v2\/pages\/780","targetHints":{"allow":["GET"]}}],"collection":[{"href":"https:\/\/www.palaciorealtestamentario.es\/fr\/wp-json\/wp\/v2\/pages"}],"about":[{"href":"https:\/\/www.palaciorealtestamentario.es\/fr\/wp-json\/wp\/v2\/types\/page"}],"author":[{"embeddable":true,"href":"https:\/\/www.palaciorealtestamentario.es\/fr\/wp-json\/wp\/v2\/users\/1"}],"replies":[{"embeddable":true,"href":"https:\/\/www.palaciorealtestamentario.es\/fr\/wp-json\/wp\/v2\/comments?post=780"}],"version-history":[{"count":6,"href":"https:\/\/www.palaciorealtestamentario.es\/fr\/wp-json\/wp\/v2\/pages\/780\/revisions"}],"predecessor-version":[{"id":2844,"href":"https:\/\/www.palaciorealtestamentario.es\/fr\/wp-json\/wp\/v2\/pages\/780\/revisions\/2844"}],"wp:attachment":[{"href":"https:\/\/www.palaciorealtestamentario.es\/fr\/wp-json\/wp\/v2\/media?parent=780"}],"curies":[{"name":"wp","href":"https:\/\/api.w.org\/{rel}","templated":true}]}}