{"id":751,"date":"2017-11-06T15:39:28","date_gmt":"2017-11-06T15:39:28","guid":{"rendered":"https:\/\/www.palaciorealtestamentario.es\/?page_id=751"},"modified":"2024-01-23T16:21:32","modified_gmt":"2024-01-23T16:21:32","slug":"ajouter-des-visites","status":"publish","type":"page","link":"https:\/\/www.palaciorealtestamentario.es\/fr\/ajouter-des-visites\/","title":{"rendered":"AJOUTER DES VISITES"},"content":{"rendered":"<p>[et_pb_section fb_built=\u00a0\u00bb1&Prime; specialty=\u00a0\u00bbon\u00a0\u00bb parallax_method_1=\u00a0\u00bboff\u00a0\u00bb parallax_method_2=\u00a0\u00bboff\u00a0\u00bb padding_top_1=\u00a0\u00bb0px\u00a0\u00bb padding_bottom_1=\u00a0\u00bb0px\u00a0\u00bb admin_label=\u00a0\u00bbSecci\u00f3n\u00a0\u00bb _builder_version=\u00a0\u00bb4.16&Prime; custom_padding=\u00a0\u00bb0px||0px|\u00a0\u00bb transparent_background=\u00a0\u00bboff\u00a0\u00bb make_fullwidth=\u00a0\u00bboff\u00a0\u00bb use_custom_width=\u00a0\u00bboff\u00a0\u00bb width_unit=\u00a0\u00bbon\u00a0\u00bb global_colors_info=\u00a0\u00bb{}\u00a0\u00bb][et_pb_column type=\u00a0\u00bb1_4&Prime; _builder_version=\u00a0\u00bb4.16&Prime; custom_padding=\u00a0\u00bb|||\u00a0\u00bb global_colors_info=\u00a0\u00bb{}\u00a0\u00bb custom_padding__hover=\u00a0\u00bb|||\u00a0\u00bb][et_pb_text disabled_on=\u00a0\u00bbon|on|off\u00a0\u00bb admin_label=\u00a0\u00bbLateralReina\u00a0\u00bb _builder_version=\u00a0\u00bb4.16&Prime; text_font_size=\u00a0\u00bb1px\u00a0\u00bb text_line_height=\u00a0\u00bb1em\u00a0\u00bb header_font_size=\u00a0\u00bb1px\u00a0\u00bb background_size=\u00a0\u00bbinitial\u00a0\u00bb background_position=\u00a0\u00bbtop_left\u00a0\u00bb background_repeat=\u00a0\u00bbrepeat\u00a0\u00bb custom_margin=\u00a0\u00bb0px||0px|\u00a0\u00bb saved_tabs=\u00a0\u00bball\u00a0\u00bb global_colors_info=\u00a0\u00bb{}\u00a0\u00bb] <img loading=\"lazy\" decoding=\"async\" class=\"alignnone wp-image-209 size-full\" src=\"https:\/\/www.palaciorealtestamentario.es\/wp-content\/uploads\/2017\/03\/lateralreina1.jpg\" alt=\"\" width=\"359\" height=\"3016\" \/> [\/et_pb_text][\/et_pb_column][et_pb_column type=\u00a0\u00bb3_4&Prime; specialty_columns=\u00a0\u00bb3&Prime; _builder_version=\u00a0\u00bb4.16&Prime; custom_padding=\u00a0\u00bb|||\u00a0\u00bb global_colors_info=\u00a0\u00bb{}\u00a0\u00bb custom_padding__hover=\u00a0\u00bb|||\u00a0\u00bb][et_pb_row_inner admin_label=\u00a0\u00bbFila\u00a0\u00bb _builder_version=\u00a0\u00bb4.16&Prime; global_colors_info=\u00a0\u00bb{}\u00a0\u00bb][et_pb_column_inner saved_specialty_column_type=\u00a0\u00bb3_4&Prime; _builder_version=\u00a0\u00bb4.16&Prime; custom_padding=\u00a0\u00bb|||\u00a0\u00bb global_colors_info=\u00a0\u00bb{}\u00a0\u00bb custom_padding__hover=\u00a0\u00bb|||\u00a0\u00bb][et_pb_text admin_label=\u00a0\u00bbTexto\u00a0\u00bb _builder_version=\u00a0\u00bb4.16&Prime; background_size=\u00a0\u00bbinitial\u00a0\u00bb background_position=\u00a0\u00bbtop_left\u00a0\u00bb background_repeat=\u00a0\u00bbrepeat\u00a0\u00bb text_orientation=\u00a0\u00bbcenter\u00a0\u00bb module_alignment=\u00a0\u00bbcenter\u00a0\u00bb use_border_color=\u00a0\u00bboff\u00a0\u00bb border_color=\u00a0\u00bb#ffffff\u00a0\u00bb border_style=\u00a0\u00bbsolid\u00a0\u00bb global_colors_info=\u00a0\u00bb{}\u00a0\u00bb]<\/p>\n<h3 style=\"text-align: left;\"><img loading=\"lazy\" decoding=\"async\" class=\"size-full wp-image-188 alignleft\" src=\"https:\/\/www.palaciorealtestamentario.es\/wp-content\/uploads\/2017\/03\/plani_add.png\" alt=\"\" width=\"128\" height=\"128\" \/><br \/>Si, en plus de la visite du Palais Royal Testamentaire, vous ne voulez pas manquer l&rsquo;occasion de d\u00e9couvrir d&rsquo;autres monuments de la ville \u00e0 travers des visites guid\u00e9es ou th\u00e9\u00e2tralis\u00e9es, vous d\u00e9couvrirez ici les diff\u00e9rentes possibilit\u00e9s qui s&rsquo;offrent \u00e0 vous.<\/h3>\n<p>&nbsp;<\/p>\n<hr \/>\n<h3 style=\"text-align: left;\"><\/h3>\n<p>&nbsp;<\/p>\n<p>[\/et_pb_text][et_pb_accordion open_toggle_text_color=\u00a0\u00bb#af3418&Prime; closed_toggle_text_color=\u00a0\u00bb#af3418&Prime; icon_color=\u00a0\u00bb#af3418&Prime; admin_label=\u00a0\u00bbAcorde\u00f3n\u00a0\u00bb _builder_version=\u00a0\u00bb4.16&Prime; toggle_font_size=\u00a0\u00bb25&Prime; border_width_all=\u00a0\u00bb1px\u00a0\u00bb border_color_all=\u00a0\u00bb#af3418&Prime; border_style_all=\u00a0\u00bbsolid\u00a0\u00bb use_border_color=\u00a0\u00bbon\u00a0\u00bb border_color=\u00a0\u00bb#af3418&Prime; border_style=\u00a0\u00bbsolid\u00a0\u00bb global_colors_info=\u00a0\u00bb{}\u00a0\u00bb][et_pb_accordion_item title=\u00a0\u00bbVisite libre au Palais Testamentaire + Visite guid\u00e9e au ch\u00e2teau (sans donjon)\u00a0\u00bb open_toggle_text_color=\u00a0\u00bb#af3418&Prime; _builder_version=\u00a0\u00bb4.16&Prime; global_colors_info=\u00a0\u00bb{}\u00a0\u00bb open=\u00a0\u00bboff\u00a0\u00bb]<\/p>\n<p>Cette option inclut l\u2019entr\u00e9e au Palais Royal Testamentaire d\u2019Isabelle la Catholique et la visite guid\u00e9e au Ch\u00e2teau de la Mota (sans la visite au donjon). Le tarif g\u00e9n\u00e9ral de cette entr\u00e9e est de 6,50\u20ac\/personne (r\u00e9ductions pour les groupes, les plus de 65 ans, les moins de 26 ans, les ch\u00f4meurs, les familles nombreuses, les membres des Amis du Patrimoine de Castille et L\u00e9on, les r\u00e9sidents de Medina del Campo, sur pr\u00e9sentation d\u2019une pi\u00e8ce justificative). A continuation, nous vous informons sur les diff\u00e9rentes formes de visites et comment r\u00e9aliser les r\u00e9servations.<\/p>\n<p style=\"text-align: justify;\"><strong>PALAIS ROYAL TESTAMENTAIRE<\/strong><br \/>Vous d\u00e9couvrirez la vie de la reine, sa relation avec la ville de Medina, le troisi\u00e8me voyage de Christophe Colon et les derni\u00e8res volont\u00e9s de cette reine qui a marqu\u00e9e l\u2019histoire de l\u2019Espagne.<\/p>\n<p>Visite libre. Dur\u00e9e conseill\u00e9e de 45 minutes.<br \/>Ouvert de lundi \u00e0 dimanche.<br \/>Horaires:<br \/>&#8211; De mardi \u00e0 samedi de 10h00 \u00e0 14h00 et de 16h00 \u00e0 19h00.<br \/>&#8211; Lundi, dimanche et jours f\u00e9ri\u00e9s: de 11h00 \u00e0 14h30.<br \/>Il n\u2019est pas n\u00e9cessaire de faire de r\u00e9servations.<\/p>\n<p style=\"text-align: justify;\"><strong>CH\u00c2TEAU DE LA MOTA<\/strong><\/p>\n<p>La visite guid\u00e9e au ch\u00e2teau inclut la visite des vestiges de l\u2019\u00c2ge de Fer, les restes des murailles m\u00e9di\u00e9vales, l\u2019ext\u00e9rieur du ch\u00e2teau, les galeries souterraines, la cour et la chapelle. Cette visite dure environ 1h. Maximum 30 personnes par groupe et minimum 5 personnes. R\u00e9servation recommand\u00e9e pour s\u2019assurer la place.<\/p>\n<p>La r\u00e9servation peut se faire au Palais Royal Testamentaire ou au Centre de R\u00e9ception des Visiteurs su Ch\u00e2teau de la Mota (T\u00e9l\u00e9phone: 0034 983 812 724, email: centrodevisitantes@castillodelamota.es).<\/p>\n<p><em><strong>OBSERVATIONS<\/strong><\/em>:<br \/>Les visites commencent aux heures signal\u00e9es et il est n\u00e9cessaire de prendre les entr\u00e9es 15 minutes avant le d\u00e9but des visites.\u00a0 Il n\u2019est pas inclus dans ce pack l\u2019accompagnement ni le d\u00e9placement entre les diff\u00e9rents sites.<\/p>\n<p style=\"text-align: justify;\"><img loading=\"lazy\" decoding=\"async\" class=\"alignnone size-full wp-image-673\" src=\"https:\/\/www.palaciorealtestamentario.es\/wp-content\/uploads\/2017\/03\/castillo-palacio2.jpg\" alt=\"\" width=\"900\" height=\"350\" srcset=\"https:\/\/www.palaciorealtestamentario.es\/wp-content\/uploads\/2017\/03\/castillo-palacio2.jpg 900w, https:\/\/www.palaciorealtestamentario.es\/wp-content\/uploads\/2017\/03\/castillo-palacio2-300x117.jpg 300w, https:\/\/www.palaciorealtestamentario.es\/wp-content\/uploads\/2017\/03\/castillo-palacio2-768x299.jpg 768w\" sizes=\"(max-width: 900px) 100vw, 900px\" \/><\/p>\n<p>[\/et_pb_accordion_item][et_pb_accordion_item title=\u00a0\u00bbVisite libre au Palais Testamentaire + Visite guid\u00e9e au donjon du ch\u00e2teau\u00a0\u00bb _builder_version=\u00a0\u00bb4.16&Prime; global_colors_info=\u00a0\u00bb{}\u00a0\u00bb open=\u00a0\u00bboff\u00a0\u00bb]<\/p>\n<p style=\"text-align: justify;\">Cette option inclut l\u2019entr\u00e9e au Palais Royal Testamentaire d\u2019Isabelle la Catholique et la visite guid\u00e9e au donjon du Ch\u00e2teau de la Mota. Le tarif est de 6,50\u20ac\/personne.<br \/><strong>PALAIS ROYAL TESTAMENTAIRE :<\/strong><\/p>\n<p>Vous d\u00e9couvrirez la vie de la reine, sa relation avec la ville de Medina, le troisi\u00e8me voyage de Christophe Colon et les derni\u00e8res volont\u00e9s de cette reine qui a marqu\u00e9e l\u2019histoire de l\u2019Espagne.<\/p>\n<p>Visite libre. Dur\u00e9e conseill\u00e9e de 45 minutes.<br \/>Ouvert de lundi \u00e0 dimanche.<br \/>Horaires:<br \/>&#8211; De mardi \u00e0 samedi de 10h00 \u00e0 14h00 et de 16h00 \u00e0 19h00.<br \/>&#8211; Lundi, dimanche et jours f\u00e9ri\u00e9s: de 11h00 \u00e0 14h30.<br \/>Il n\u2019est pas n\u00e9cessaire de faire de r\u00e9servations.<\/p>\n<p style=\"text-align: justify;\"><strong>DONJON DU CH\u00c2TEAU DE LA MOTA :<\/strong><\/p>\n<p style=\"text-align: justify;\">IVous d\u00e9couvrirez le salon d\u2019honneur, les derniers \u00e9tages de la tour et le mirador.<\/p>\n<p>Visite guid\u00e9e d\u2019environ 50 minutes.<br \/>Maximum 15 personnes par groupe et minimum de 5 personnes. S\u2019abstenir les personnes \u00e0 mobilit\u00e9 r\u00e9duite, vertige,\u2026<br \/>R\u00e9servation recommand\u00e9e pour s\u2019assurer la place.<\/p>\n<p style=\"text-align: justify;\">La r\u00e9servation peut se faire au Palais Royal Testamentaire ou au Centre de R\u00e9ception des Visiteurs su Ch\u00e2teau de la Mota (T\u00e9l\u00e9phone: 0034 983 812 724, email: centrodevisitantes@castillodelamota.es).<br \/><strong>OBSERVATIONS:<\/strong><br \/>Les visites commencent aux heures signal\u00e9es et il est n\u00e9cessaire de prendre les entr\u00e9es 15 minutes avant le d\u00e9but des visites.\u00a0 Dans le cas du donjon, il sera obligatoire de pr\u00e9senter une pi\u00e8ce d\u2019identit\u00e9 afin de remplir une fiche d\u2019acceptation des normes avant la mont\u00e9e (uniquement les adultes). Il n\u2019est pas inclus dans ce pack l\u2019accompagnement ni le d\u00e9placement entre les diff\u00e9rents sites.<br \/>.<\/p>\n<p style=\"text-align: justify;\"><img loading=\"lazy\" decoding=\"async\" class=\"alignnone size-full wp-image-674\" src=\"https:\/\/www.palaciorealtestamentario.es\/wp-content\/uploads\/2017\/03\/castillo-palacio3.jpg\" alt=\"\" width=\"900\" height=\"350\" srcset=\"https:\/\/www.palaciorealtestamentario.es\/wp-content\/uploads\/2017\/03\/castillo-palacio3.jpg 900w, https:\/\/www.palaciorealtestamentario.es\/wp-content\/uploads\/2017\/03\/castillo-palacio3-300x117.jpg 300w, https:\/\/www.palaciorealtestamentario.es\/wp-content\/uploads\/2017\/03\/castillo-palacio3-768x299.jpg 768w\" sizes=\"(max-width: 900px) 100vw, 900px\" \/><\/p>\n<p>[\/et_pb_accordion_item][et_pb_accordion_item title=\u00a0\u00bbTOUR TH\u00c9\u00c2TRALIS\u00c9 DANS LA MEDINA HISTORIQUE %22Ce que cache la ville%22&Prime; _builder_version=\u00a0\u00bb4.16&Prime; global_colors_info=\u00a0\u00bb{}\u00a0\u00bb open=\u00a0\u00bboff\u00a0\u00bb]<\/p>\n<p style=\"text-align: justify;\">Ce tour passe par le Palais Royal Testamentaire, le patio de San Juli\u00e1n et le premier \u00e9tage de la tour de la Coll\u00e9giale de San Antolin, le patio du Palais de los Due\u00f1as et les Boucheries Royales.<\/p>\n<p style=\"text-align: justify;\">Synopsis: Medina del Campo, ann\u00e9e 1567. Un groupe de voyageurs arrive \u00e0 la ville pour profiter des Ferias et d\u00e9couvrir pourquoi c\u2019est une des villes les plus prosp\u00e8res de la Castille su XVI\u00e8me si\u00e8cle. Pendant leur s\u00e9jour, ils se verront impliqu\u00e9s dans une trame qui a comme protagoniste un libre interdit par le Saint Office. Dans leur p\u00e9riple, les voyageurs rencontreront d\u2019int\u00e9ressants personnages qui, pour divers motifs, sont en relation avec ce libre et qui leur montreront les lieux les plus embl\u00e9matiques de Medina del Campo, comme le Palais Royal Testamentaire, la Coll\u00e9giale de San Antolin, le Palais de los Due\u00f1as ou encore les Boucheries Royales.<\/p>\n<p style=\"text-align: justify;\">Maximum 25 personnes par groupe. Ces visites se r\u00e9alisent uniquement certains week-end pas mois. R\u00e9servation obligatoire.<br \/>\n<strong>Dur\u00e9e<\/strong>: 75 minutes<br \/>\n<strong>Tarifs<\/strong>: 9,50\u20ac\/adulte et 7\u20ac\/enfant pour des visiteurs individuels qui font la visite organis\u00e9e par le palais aux dates programm\u00e9es<\/p>\n<p>&nbsp;<\/p>\n<p><img loading=\"lazy\" decoding=\"async\" class=\"alignnone size-full wp-image-675\" src=\"https:\/\/www.palaciorealtestamentario.es\/wp-content\/uploads\/2017\/03\/medina.jpg\" alt=\"\" width=\"900\" height=\"350\" srcset=\"https:\/\/www.palaciorealtestamentario.es\/wp-content\/uploads\/2017\/03\/medina.jpg 900w, https:\/\/www.palaciorealtestamentario.es\/wp-content\/uploads\/2017\/03\/medina-300x117.jpg 300w, https:\/\/www.palaciorealtestamentario.es\/wp-content\/uploads\/2017\/03\/medina-768x299.jpg 768w\" sizes=\"(max-width: 900px) 100vw, 900px\" \/><\/p>\n<p>&nbsp;<br \/>\n[\/et_pb_accordion_item][et_pb_accordion_item title=\u00a0\u00bbVISITE TH\u00c9\u00c2TRALIS\u00c9E AU DONJON DU CH\u00c2TEAU %22Une halte sur le chemin%22&Prime; _builder_version=\u00a0\u00bb4.16&Prime; global_colors_info=\u00a0\u00bb{}\u00a0\u00bb open=\u00a0\u00bboff\u00a0\u00bb]<\/p>\n<p style=\"text-align: justify;\">La visite th\u00e9\u00e2tralis\u00e9e inclue la visite du Salon d\u2019Honneur, des \u00e9tages du donjon et du mirador.<br \/>Synopsis: Medina del Campo, ann\u00e9e 1522. La Ville des F\u00e9rias se r\u00e9cup\u00e8re du l\u2019incendie que la d\u00e9vasta, \u00e0 la suite de la\u00a0 Guerre des Communaut\u00e9s, dont le dernier groupe vient d&rsquo;\u00eatre \u00e9limin\u00e9 en F\u00e9vrier de cette ann\u00e9e. Nous sommes en p\u00e9riode de f\u00e9rias. Un groupe de commer\u00e7ants \u201c\u00e9trangers\u201d invit\u00e9s par le gouverneur du ch\u00e2teau, arrive \u00e0 la forteresse, o\u00f9 ils seront log\u00e9s pendant leur s\u00e9jour dans la Ville de Medina. Le gouverneur, G\u00f3mez de Haro, n\u2019est pas au ch\u00e2teau en ce moment et une grande partie du personnel est occup\u00e9, \u00e7a et l\u00e0, avec l\u2019agitation de ces jours de f\u00e9rias, la Ville est un non-stop. Rodrigo de Lerma, administrateur adjoint du ch\u00e2teau, et Beatriz Almazara, fille du directeur du ch\u00e2teau et dame de compagnie, se charge de recevoir ce groupe d\u2019invit\u00e9s. Tout au long du parcours, ces \u00ab\u00a0\u00e9trangers\u00a0\u00bb connaitront l&rsquo;histoire pass\u00e9e de l&rsquo;\u00e9difice le plus important de la ville.<\/p>\n<p><img loading=\"lazy\" decoding=\"async\" class=\"size-full wp-image-676 alignleft\" src=\"https:\/\/www.palaciorealtestamentario.es\/wp-content\/uploads\/2017\/03\/castillo-teatralizada.jpg\" alt=\"\" width=\"250\" height=\"333\" srcset=\"https:\/\/www.palaciorealtestamentario.es\/wp-content\/uploads\/2017\/03\/castillo-teatralizada.jpg 250w, https:\/\/www.palaciorealtestamentario.es\/wp-content\/uploads\/2017\/03\/castillo-teatralizada-225x300.jpg 225w\" sizes=\"(max-width: 250px) 100vw, 250px\" \/>Maximum 15 personnes par groupe et minimum de 5 personnes. S\u2019abstenir les personnes \u00e0 mobilit\u00e9 r\u00e9duite, vertige,\u2026<br \/>Ces visites se r\u00e9alisent uniquement certains week-end pas mois. R\u00e9servation obligatoire.<br \/><strong>Dur\u00e9e<\/strong>: 45 minutes<\/p>\n<p>&nbsp;<\/p>\n<p>&nbsp;<\/p>\n<p>&nbsp;<\/p>\n<p>&nbsp;<\/p>\n<p><strong>Tarifs:<\/strong><br \/>\u2022\u00a0\u00a0\u00a0 8\u20ac\/personne pour la visite th\u00e9\u00e2tralis\u00e9e du donjon<br \/>\u2022\u00a0\u00a0 9,50\u20ac\/personne pour la visite th\u00e9\u00e2tralis\u00e9e du donjon + visite du Palais Royal Testamentaire<br \/>\u2022\u00a0\u00a0\u00a0 12,50\u20ac\/personne pour la visite th\u00e9\u00e2tralis\u00e9e du donjon + visite guid\u00e9e du ch\u00e2teau + visite du Palais Royal Testamentaire<\/p>\n<p>[\/et_pb_accordion_item][et_pb_accordion_item title=\u00a0\u00bbVisite libre au Palais Royal Testamentaire + Visite guid\u00e9e au ch\u00e2teau + Visite guid\u00e9e au donjon\u00a0\u00bb _builder_version=\u00a0\u00bb4.16&Prime; global_colors_info=\u00a0\u00bb{}\u00a0\u00bb open=\u00a0\u00bboff\u00a0\u00bb]<\/p>\n<p>Cette option inclut l\u2019entr\u00e9e au Palais Royal Testamentaire d\u2019Isabelle la Catholique, la visite guid\u00e9e du ch\u00e2teau el du donjon.<br \/>Tarif : 10,50\u20ac\/personne (consulter d\u2019\u00e9ventuelles r\u00e9ductions).<\/p>\n<p><strong>PALAIS ROYAL TESTAMENTAIRE <\/strong><\/p>\n<p>Vous d\u00e9couvrirez la vie de la reine, sa relation avec la ville de Medina, le troisi\u00e8me voyage de Christophe Colon et les derni\u00e8res volont\u00e9s de cette reine qui a marqu\u00e9e l\u2019histoire de l\u2019Espagne.<\/p>\n<p>Visite libre. Dur\u00e9e conseill\u00e9e de 45 minutes.<br \/>Ouvert de lundi \u00e0 dimanche.<br \/>Horaires:<br \/>&#8211; De mardi \u00e0 samedi de 10h00 \u00e0 14h00 et de 16h00 \u00e0 19h00.<br \/>&#8211; Lundi, dimanche et jours f\u00e9ri\u00e9s: de 11h00 \u00e0 14h30.<br \/>Il n\u2019est pas n\u00e9cessaire de faire de r\u00e9servations.<\/p>\n<p><strong>CH\u00c2TEAU DE LA MOTA<\/strong><br \/>La visite guid\u00e9e au ch\u00e2teau inclut la visite des vestiges de l\u2019\u00c2ge de Fer, les restes des murailles m\u00e9di\u00e9vales, l\u2019ext\u00e9rieur du ch\u00e2teau, les galeries souterraines, la cour et la chapelle. Cette visite dure environ 1h. Maximum 30 personnes par groupe et minimum 5 personnes. R\u00e9servation recommand\u00e9e pour s\u2019assurer la place.<br \/><strong>DONJON DU CH\u00c2TEAU DE LA MOTA\u00a0 <\/strong><br \/>Vous d\u00e9couvrirez le salon d\u2019honneur, les derniers \u00e9tages de la tour et le mirador.<\/p>\n<p>Visite guid\u00e9e d\u2019environ 50 minutes.<br \/>Maximum 15 personnes par groupe et minimum de 5 personnes. S\u2019abstenir les personnes \u00e0 mobilit\u00e9 r\u00e9duite, vertige,\u2026<br \/>R\u00e9servation recommand\u00e9e pour s\u2019assurer la place.<\/p>\n<p>Les r\u00e9servations peuvent se faire au Palais Royal Testamentaire ou au Centre de R\u00e9ception des Visiteurs su Ch\u00e2teau de la Mota (T\u00e9l\u00e9phone: 0034 983 812 724, email: centrodevisitantes@castillodelamota.es).<br \/><em><strong>OBSERVATIONS:<\/strong><\/em> Les visites commencent aux heures signal\u00e9es et il est n\u00e9cessaire de prendre les entr\u00e9es 15 minutes avant le d\u00e9but des visites.\u00a0 Dans le cas du donjon, il sera obligatoire de pr\u00e9senter une pi\u00e8ce d\u2019identit\u00e9 afin de remplir une fiche d\u2019acceptation des normes avant la mont\u00e9e (uniquement les adultes). Il n\u2019est pas inclus dans ce pack l\u2019accompagnement ni le d\u00e9placement entre les diff\u00e9rents sites.<\/p>\n<p style=\"text-align: justify;\"><img loading=\"lazy\" decoding=\"async\" class=\"alignnone size-full wp-image-673\" src=\"https:\/\/www.palaciorealtestamentario.es\/wp-content\/uploads\/2017\/03\/castillo-palacio2.jpg\" alt=\"\" width=\"900\" height=\"350\" srcset=\"https:\/\/www.palaciorealtestamentario.es\/wp-content\/uploads\/2017\/03\/castillo-palacio2.jpg 900w, https:\/\/www.palaciorealtestamentario.es\/wp-content\/uploads\/2017\/03\/castillo-palacio2-300x117.jpg 300w, https:\/\/www.palaciorealtestamentario.es\/wp-content\/uploads\/2017\/03\/castillo-palacio2-768x299.jpg 768w\" sizes=\"(max-width: 900px) 100vw, 900px\" \/><\/p>\n<p>[\/et_pb_accordion_item][et_pb_accordion_item title=\u00a0\u00bbEntr\u00e9e \u201cLes Chemins d\u2019une Reine\u201d\u00a0\u00bb _builder_version=\u00a0\u00bb4.16&Prime; global_colors_info=\u00a0\u00bb{}\u00a0\u00bb open=\u00a0\u00bboff\u00a0\u00bb]<\/p>\n<p style=\"text-align: justify;\">L\u2019entr\u00e9e \u00ab\u00a0Les Chemins d\u2019une Reine\u00a0\u00bb inclut l\u2019entr\u00e9e au Palais Royal Testamentaire d\u2019Isabelle la Catholique, la visite guid\u00e9e \u00e0 la tour de la Coll\u00e9giale de San Antol\u00edn et la visite guid\u00e9e au ch\u00e2teau de la Mota (sans la visite au donjon).<\/p>\n<p>Le tarif de cette entr\u00e9e est de 9,50\u20ac\/personne (r\u00e9ductions pour les groupes, les plus de 65 ans, les moins de 26 ans, les ch\u00f4meurs, les familles nombreuses, les membres des Amis du Patrimoines de Castille et L\u00e9on, les r\u00e9sidents de Medina del Campo).<br \/>.<\/p>\n<p><strong>PALAIS ROYAL TESTAMENTAIRE<\/strong><\/p>\n<p>Vous d\u00e9couvrirez la vie de la reine, sa relation avec la ville de Medina, le troisi\u00e8me voyage de Christophe Colon et les derni\u00e8res volont\u00e9s de cette reine qui a marqu\u00e9e l\u2019histoire de l\u2019Espagne.<\/p>\n<p>Visite libre. Dur\u00e9e conseill\u00e9e de 45 minutes.<br \/>Ouvert de lundi \u00e0 dimanche.<br \/>Horaires:<br \/>&#8211; De mardi \u00e0 samedi de 10h00 \u00e0 14h00 et de 16h00 \u00e0 19h00.<br \/>&#8211; Lundi, dimanche et jours f\u00e9ri\u00e9s: de 11h00 \u00e0 14h30.<br \/>Il n\u2019est pas n\u00e9cessaire de faire de r\u00e9servations.<\/p>\n<p style=\"text-align: justify;\"><strong>TOUR DE LA COLL\u00c9GIALE DE SAN ANTOL\u00cdN<\/strong><br \/>Visite de la tour de la Coll\u00e9giale (groupes entre 6 et 15 personnes).<br \/>Visite guid\u00e9e des 5 \u00e9tages de la tour et du mirador. Dur\u00e9e de 45 minutes environ.<br \/>Acc\u00e8s compliqu\u00e9. S\u2019abstenir les personnes \u00e0 mobilit\u00e9 r\u00e9duite, vertige,\u2026<br \/>R\u00e9servation obligatoire.<br \/>Visites de mardi \u00e0 samedi \u00e0 10h30 et 16h.<\/p>\n<p style=\"text-align: justify;\"><strong>CH\u00c2TEAU DE LA MOTA<\/strong><br \/>La visite guid\u00e9e au ch\u00e2teau inclut la visite des vestiges de l\u2019\u00c2ge de Fer, les restes des murailles m\u00e9di\u00e9vales, l\u2019ext\u00e9rieur du ch\u00e2teau, les galeries souterraines, la cour et la chapelle. Cette visite dure environ 1h. Maximum 30 personnes par groupe et minimum 5 personnes. R\u00e9servation recommand\u00e9e pour s\u2019assurer la place.<\/p>\n<p>Les r\u00e9servations peuvent se faire au Palais Royal Testamentaire ou au Centre de R\u00e9ception des Visiteurs su Ch\u00e2teau de la Mota (T\u00e9l\u00e9phone: 0034 983 812 724, email: centrodevisitantes@castillodelamota.es).<\/p>\n<p><em><strong>OBSERVATIONS<\/strong><\/em>: Les visites commencent aux heures signal\u00e9es et il est n\u00e9cessaire de prendre les entr\u00e9es 15 minutes avant le d\u00e9but des visites.\u00a0 Dans le cas de la tour de la Coll\u00e9giale, il sera obligatoire de pr\u00e9senter une pi\u00e8ce d\u2019identit\u00e9 afin de remplir une fiche d\u2019acceptation des normes avant la mont\u00e9e (uniquement les adultes). Il n\u2019est pas inclus dans ce pack l\u2019accompagnement ni le d\u00e9placement entre les diff\u00e9rents sites.<\/p>\n<p style=\"text-align: justify;\"><img loading=\"lazy\" decoding=\"async\" class=\"alignnone size-full wp-image-678\" src=\"https:\/\/www.palaciorealtestamentario.es\/wp-content\/uploads\/2017\/03\/colegiata-palacio-castillo.jpg\" alt=\"\" width=\"900\" height=\"350\" srcset=\"https:\/\/www.palaciorealtestamentario.es\/wp-content\/uploads\/2017\/03\/colegiata-palacio-castillo.jpg 900w, https:\/\/www.palaciorealtestamentario.es\/wp-content\/uploads\/2017\/03\/colegiata-palacio-castillo-300x117.jpg 300w, https:\/\/www.palaciorealtestamentario.es\/wp-content\/uploads\/2017\/03\/colegiata-palacio-castillo-768x299.jpg 768w\" sizes=\"(max-width: 900px) 100vw, 900px\" \/><\/p>\n<p>[\/et_pb_accordion_item][et_pb_accordion_item title=\u00a0\u00bbVisite guid\u00e9e de la tour de la Coll\u00e9giale + Visite libre au Palais Royal Testamentaire\u00a0\u00bb _builder_version=\u00a0\u00bb4.16&Prime; global_colors_info=\u00a0\u00bb{}\u00a0\u00bb open=\u00a0\u00bbon\u00a0\u00bb]<\/p>\n<p style=\"text-align: justify;\">Cette option inclut l\u2019entr\u00e9e au Palais Royal Testamentaire d\u2019Isabelle la Catholique et la visite guid\u00e9e \u00e0 la tour de la Coll\u00e9giale de San Antol\u00edn<br \/>Le tarif est de 6,50\u20ac\/personne. <\/p>\n<p style=\"text-align: justify;\"><strong>PALAIS ROYAL TESTAMENTARIO<\/strong>:<br \/>Visite libre. Dur\u00e9e conseill\u00e9e de 45 minutes.<br \/>Ouvert de lundi \u00e0 dimanche.<br \/>Horaires:<br \/>&#8211; De mardi \u00e0 samedi de 10h00 \u00e0 14h00 et de 16h00 \u00e0 19h00.<br \/>&#8211; Lundi, dimanche et jours f\u00e9ri\u00e9s: de 11h00 \u00e0 14h30.<br \/>Il n\u2019est pas n\u00e9cessaire de faire de r\u00e9servations.<\/p>\n<p><em><strong>TOUR DE LA COLL\u00c9GIALE DE SAN ANTOL\u00cdN <\/strong><\/em><\/p>\n<p>Visite de la tour de la Coll\u00e9giale (groupes entre 6 et 15 personnes).<br \/>Visite guid\u00e9e des 5 \u00e9tages de la tour et du mirador. Dur\u00e9e de 45 minutes environ.<br \/>Acc\u00e8s compliqu\u00e9. S\u2019abstenir les personnes \u00e0 mobilit\u00e9 r\u00e9duite, vertige,\u2026<br \/>R\u00e9servation obligatoire.<br \/>Visites de mardi \u00e0 samedi \u00e0 10h30 et 16h.<\/p>\n<p style=\"text-align: justify;\"><em><strong>OBSERVATIONS: <\/strong><\/em>: Les visites commencent aux heures signal\u00e9es et il est n\u00e9cessaire de prendre les entr\u00e9es 15 minutes avant le d\u00e9but des visites.\u00a0 Dans le cas de la tour de la Coll\u00e9giale, il sera obligatoire de pr\u00e9senter une pi\u00e8ce d\u2019identit\u00e9 afin de remplir une fiche d\u2019acceptation des normes avant la mont\u00e9e (uniquement les adultes). Il n\u2019est pas inclus dans ce pack l\u2019accompagnement ni le d\u00e9placement entre les diff\u00e9rents sites.<\/p>\n<p style=\"text-align: justify;\"><img loading=\"lazy\" decoding=\"async\" class=\"alignnone size-full wp-image-679\" src=\"https:\/\/www.palaciorealtestamentario.es\/wp-content\/uploads\/2017\/03\/palacio-colegiata.jpg\" alt=\"\" width=\"900\" height=\"350\" srcset=\"https:\/\/www.palaciorealtestamentario.es\/wp-content\/uploads\/2017\/03\/palacio-colegiata.jpg 900w, https:\/\/www.palaciorealtestamentario.es\/wp-content\/uploads\/2017\/03\/palacio-colegiata-300x117.jpg 300w, https:\/\/www.palaciorealtestamentario.es\/wp-content\/uploads\/2017\/03\/palacio-colegiata-768x299.jpg 768w\" sizes=\"(max-width: 900px) 100vw, 900px\" \/><\/p>\n<p>[\/et_pb_accordion_item][\/et_pb_accordion][\/et_pb_column_inner][\/et_pb_row_inner][\/et_pb_column][\/et_pb_section]<\/p>\n","protected":false},"excerpt":{"rendered":"<p>Si, en plus de la visite du Palais Royal Testamentaire, vous ne voulez pas manquer l&rsquo;occasion de d\u00e9couvrir d&rsquo;autres monuments de la ville \u00e0 travers des visites guid\u00e9es ou th\u00e9\u00e2tralis\u00e9es, vous d\u00e9couvrirez ici les diff\u00e9rentes possibilit\u00e9s qui s&rsquo;offrent \u00e0 vous. &nbsp; &nbsp;Cette option inclut l\u2019entr\u00e9e au Palais Royal Testamentaire d\u2019Isabelle la Catholique et la visite [&hellip;]<\/p>\n","protected":false},"author":1,"featured_media":0,"parent":0,"menu_order":0,"comment_status":"closed","ping_status":"closed","template":"","meta":{"_et_pb_use_builder":"on","_et_pb_old_content":"","_et_gb_content_width":"","footnotes":""},"class_list":["post-751","page","type-page","status-publish","hentry"],"yoast_head":"<!-- This site is optimized with the Yoast SEO plugin v27.4 - https:\/\/yoast.com\/product\/yoast-seo-wordpress\/ -->\n<title>AJOUTER DES VISITES - Palacio Real Testamentario<\/title>\n<meta name=\"robots\" content=\"index, follow, max-snippet:-1, max-image-preview:large, max-video-preview:-1\" \/>\n<link rel=\"canonical\" href=\"https:\/\/www.palaciorealtestamentario.es\/fr\/ajouter-des-visites\/\" \/>\n<meta property=\"og:locale\" content=\"fr_FR\" \/>\n<meta property=\"og:type\" content=\"article\" \/>\n<meta property=\"og:title\" content=\"AJOUTER DES VISITES - Palacio Real Testamentario\" \/>\n<meta property=\"og:description\" content=\"Si, en plus de la visite du Palais Royal Testamentaire, vous ne voulez pas manquer l&#039;occasion de d\u00e9couvrir d&#039;autres monuments de la ville \u00e0 travers des visites guid\u00e9es ou th\u00e9\u00e2tralis\u00e9es, vous d\u00e9couvrirez ici les diff\u00e9rentes possibilit\u00e9s qui s&#039;offrent \u00e0 vous. &nbsp; &nbsp;Cette option inclut l\u2019entr\u00e9e au Palais Royal Testamentaire d\u2019Isabelle la Catholique et la visite [&hellip;]\" \/>\n<meta property=\"og:url\" content=\"https:\/\/www.palaciorealtestamentario.es\/fr\/ajouter-des-visites\/\" \/>\n<meta property=\"og:site_name\" content=\"Palacio Real Testamentario\" \/>\n<meta property=\"article:publisher\" content=\"https:\/\/www.facebook.com\/PalacioYsabel\/\" \/>\n<meta property=\"article:modified_time\" content=\"2024-01-23T16:21:32+00:00\" \/>\n<meta property=\"og:image\" content=\"https:\/\/www.palaciorealtestamentario.es\/wp-content\/uploads\/2017\/03\/lateralreina1.jpg\" \/>\n<meta name=\"twitter:card\" content=\"summary_large_image\" \/>\n<meta name=\"twitter:site\" content=\"@PalacioYsabel\" \/>\n<meta name=\"twitter:label1\" content=\"Dur\u00e9e de lecture estim\u00e9e\" \/>\n\t<meta name=\"twitter:data1\" content=\"13 minutes\" \/>\n<script type=\"application\/ld+json\" class=\"yoast-schema-graph\">{\"@context\":\"https:\\\/\\\/schema.org\",\"@graph\":[{\"@type\":\"WebPage\",\"@id\":\"https:\\\/\\\/www.palaciorealtestamentario.es\\\/fr\\\/ajouter-des-visites\\\/\",\"url\":\"https:\\\/\\\/www.palaciorealtestamentario.es\\\/fr\\\/ajouter-des-visites\\\/\",\"name\":\"AJOUTER DES VISITES - Palacio Real Testamentario\",\"isPartOf\":{\"@id\":\"https:\\\/\\\/www.palaciorealtestamentario.es\\\/#website\"},\"primaryImageOfPage\":{\"@id\":\"https:\\\/\\\/www.palaciorealtestamentario.es\\\/fr\\\/ajouter-des-visites\\\/#primaryimage\"},\"image\":{\"@id\":\"https:\\\/\\\/www.palaciorealtestamentario.es\\\/fr\\\/ajouter-des-visites\\\/#primaryimage\"},\"thumbnailUrl\":\"https:\\\/\\\/www.palaciorealtestamentario.es\\\/wp-content\\\/uploads\\\/2017\\\/03\\\/lateralreina1.jpg\",\"datePublished\":\"2017-11-06T15:39:28+00:00\",\"dateModified\":\"2024-01-23T16:21:32+00:00\",\"breadcrumb\":{\"@id\":\"https:\\\/\\\/www.palaciorealtestamentario.es\\\/fr\\\/ajouter-des-visites\\\/#breadcrumb\"},\"inLanguage\":\"fr-FR\",\"potentialAction\":[{\"@type\":\"ReadAction\",\"target\":[\"https:\\\/\\\/www.palaciorealtestamentario.es\\\/fr\\\/ajouter-des-visites\\\/\"]}]},{\"@type\":\"ImageObject\",\"inLanguage\":\"fr-FR\",\"@id\":\"https:\\\/\\\/www.palaciorealtestamentario.es\\\/fr\\\/ajouter-des-visites\\\/#primaryimage\",\"url\":\"https:\\\/\\\/www.palaciorealtestamentario.es\\\/wp-content\\\/uploads\\\/2017\\\/03\\\/lateralreina1.jpg\",\"contentUrl\":\"https:\\\/\\\/www.palaciorealtestamentario.es\\\/wp-content\\\/uploads\\\/2017\\\/03\\\/lateralreina1.jpg\"},{\"@type\":\"BreadcrumbList\",\"@id\":\"https:\\\/\\\/www.palaciorealtestamentario.es\\\/fr\\\/ajouter-des-visites\\\/#breadcrumb\",\"itemListElement\":[{\"@type\":\"ListItem\",\"position\":1,\"name\":\"Portada\",\"item\":\"https:\\\/\\\/www.palaciorealtestamentario.es\\\/fr\\\/\"},{\"@type\":\"ListItem\",\"position\":2,\"name\":\"AJOUTER DES VISITES\"}]},{\"@type\":\"WebSite\",\"@id\":\"https:\\\/\\\/www.palaciorealtestamentario.es\\\/#website\",\"url\":\"https:\\\/\\\/www.palaciorealtestamentario.es\\\/\",\"name\":\"Palacio Real Testamentario\",\"description\":\"Palacio Real Testamentario de Isabel la Catolica\",\"publisher\":{\"@id\":\"https:\\\/\\\/www.palaciorealtestamentario.es\\\/#organization\"},\"potentialAction\":[{\"@type\":\"SearchAction\",\"target\":{\"@type\":\"EntryPoint\",\"urlTemplate\":\"https:\\\/\\\/www.palaciorealtestamentario.es\\\/?s={search_term_string}\"},\"query-input\":{\"@type\":\"PropertyValueSpecification\",\"valueRequired\":true,\"valueName\":\"search_term_string\"}}],\"inLanguage\":\"fr-FR\"},{\"@type\":\"Organization\",\"@id\":\"https:\\\/\\\/www.palaciorealtestamentario.es\\\/#organization\",\"name\":\"Palacio Real Testamentario\",\"url\":\"https:\\\/\\\/www.palaciorealtestamentario.es\\\/\",\"logo\":{\"@type\":\"ImageObject\",\"inLanguage\":\"fr-FR\",\"@id\":\"https:\\\/\\\/www.palaciorealtestamentario.es\\\/#\\\/schema\\\/logo\\\/image\\\/\",\"url\":\"https:\\\/\\\/www.palaciorealtestamentario.es\\\/wp-content\\\/uploads\\\/2017\\\/08\\\/logowebpalacio.png\",\"contentUrl\":\"https:\\\/\\\/www.palaciorealtestamentario.es\\\/wp-content\\\/uploads\\\/2017\\\/08\\\/logowebpalacio.png\",\"width\":1024,\"height\":117,\"caption\":\"Palacio Real Testamentario\"},\"image\":{\"@id\":\"https:\\\/\\\/www.palaciorealtestamentario.es\\\/#\\\/schema\\\/logo\\\/image\\\/\"},\"sameAs\":[\"https:\\\/\\\/www.facebook.com\\\/PalacioYsabel\\\/\",\"https:\\\/\\\/x.com\\\/PalacioYsabel\",\"https:\\\/\\\/www.instagram.com\\\/palacio_ysabel\\\/?hl=es\"]}]}<\/script>\n<!-- \/ Yoast SEO plugin. -->","yoast_head_json":{"title":"AJOUTER DES VISITES - Palacio Real Testamentario","robots":{"index":"index","follow":"follow","max-snippet":"max-snippet:-1","max-image-preview":"max-image-preview:large","max-video-preview":"max-video-preview:-1"},"canonical":"https:\/\/www.palaciorealtestamentario.es\/fr\/ajouter-des-visites\/","og_locale":"fr_FR","og_type":"article","og_title":"AJOUTER DES VISITES - Palacio Real Testamentario","og_description":"Si, en plus de la visite du Palais Royal Testamentaire, vous ne voulez pas manquer l'occasion de d\u00e9couvrir d'autres monuments de la ville \u00e0 travers des visites guid\u00e9es ou th\u00e9\u00e2tralis\u00e9es, vous d\u00e9couvrirez ici les diff\u00e9rentes possibilit\u00e9s qui s'offrent \u00e0 vous. &nbsp; &nbsp;Cette option inclut l\u2019entr\u00e9e au Palais Royal Testamentaire d\u2019Isabelle la Catholique et la visite [&hellip;]","og_url":"https:\/\/www.palaciorealtestamentario.es\/fr\/ajouter-des-visites\/","og_site_name":"Palacio Real Testamentario","article_publisher":"https:\/\/www.facebook.com\/PalacioYsabel\/","article_modified_time":"2024-01-23T16:21:32+00:00","og_image":[{"url":"https:\/\/www.palaciorealtestamentario.es\/wp-content\/uploads\/2017\/03\/lateralreina1.jpg","type":"","width":"","height":""}],"twitter_card":"summary_large_image","twitter_site":"@PalacioYsabel","twitter_misc":{"Dur\u00e9e de lecture estim\u00e9e":"13 minutes"},"schema":{"@context":"https:\/\/schema.org","@graph":[{"@type":"WebPage","@id":"https:\/\/www.palaciorealtestamentario.es\/fr\/ajouter-des-visites\/","url":"https:\/\/www.palaciorealtestamentario.es\/fr\/ajouter-des-visites\/","name":"AJOUTER DES VISITES - Palacio Real Testamentario","isPartOf":{"@id":"https:\/\/www.palaciorealtestamentario.es\/#website"},"primaryImageOfPage":{"@id":"https:\/\/www.palaciorealtestamentario.es\/fr\/ajouter-des-visites\/#primaryimage"},"image":{"@id":"https:\/\/www.palaciorealtestamentario.es\/fr\/ajouter-des-visites\/#primaryimage"},"thumbnailUrl":"https:\/\/www.palaciorealtestamentario.es\/wp-content\/uploads\/2017\/03\/lateralreina1.jpg","datePublished":"2017-11-06T15:39:28+00:00","dateModified":"2024-01-23T16:21:32+00:00","breadcrumb":{"@id":"https:\/\/www.palaciorealtestamentario.es\/fr\/ajouter-des-visites\/#breadcrumb"},"inLanguage":"fr-FR","potentialAction":[{"@type":"ReadAction","target":["https:\/\/www.palaciorealtestamentario.es\/fr\/ajouter-des-visites\/"]}]},{"@type":"ImageObject","inLanguage":"fr-FR","@id":"https:\/\/www.palaciorealtestamentario.es\/fr\/ajouter-des-visites\/#primaryimage","url":"https:\/\/www.palaciorealtestamentario.es\/wp-content\/uploads\/2017\/03\/lateralreina1.jpg","contentUrl":"https:\/\/www.palaciorealtestamentario.es\/wp-content\/uploads\/2017\/03\/lateralreina1.jpg"},{"@type":"BreadcrumbList","@id":"https:\/\/www.palaciorealtestamentario.es\/fr\/ajouter-des-visites\/#breadcrumb","itemListElement":[{"@type":"ListItem","position":1,"name":"Portada","item":"https:\/\/www.palaciorealtestamentario.es\/fr\/"},{"@type":"ListItem","position":2,"name":"AJOUTER DES VISITES"}]},{"@type":"WebSite","@id":"https:\/\/www.palaciorealtestamentario.es\/#website","url":"https:\/\/www.palaciorealtestamentario.es\/","name":"Palacio Real Testamentario","description":"Palacio Real Testamentario de Isabel la Catolica","publisher":{"@id":"https:\/\/www.palaciorealtestamentario.es\/#organization"},"potentialAction":[{"@type":"SearchAction","target":{"@type":"EntryPoint","urlTemplate":"https:\/\/www.palaciorealtestamentario.es\/?s={search_term_string}"},"query-input":{"@type":"PropertyValueSpecification","valueRequired":true,"valueName":"search_term_string"}}],"inLanguage":"fr-FR"},{"@type":"Organization","@id":"https:\/\/www.palaciorealtestamentario.es\/#organization","name":"Palacio Real Testamentario","url":"https:\/\/www.palaciorealtestamentario.es\/","logo":{"@type":"ImageObject","inLanguage":"fr-FR","@id":"https:\/\/www.palaciorealtestamentario.es\/#\/schema\/logo\/image\/","url":"https:\/\/www.palaciorealtestamentario.es\/wp-content\/uploads\/2017\/08\/logowebpalacio.png","contentUrl":"https:\/\/www.palaciorealtestamentario.es\/wp-content\/uploads\/2017\/08\/logowebpalacio.png","width":1024,"height":117,"caption":"Palacio Real Testamentario"},"image":{"@id":"https:\/\/www.palaciorealtestamentario.es\/#\/schema\/logo\/image\/"},"sameAs":["https:\/\/www.facebook.com\/PalacioYsabel\/","https:\/\/x.com\/PalacioYsabel","https:\/\/www.instagram.com\/palacio_ysabel\/?hl=es"]}]}},"_links":{"self":[{"href":"https:\/\/www.palaciorealtestamentario.es\/fr\/wp-json\/wp\/v2\/pages\/751","targetHints":{"allow":["GET"]}}],"collection":[{"href":"https:\/\/www.palaciorealtestamentario.es\/fr\/wp-json\/wp\/v2\/pages"}],"about":[{"href":"https:\/\/www.palaciorealtestamentario.es\/fr\/wp-json\/wp\/v2\/types\/page"}],"author":[{"embeddable":true,"href":"https:\/\/www.palaciorealtestamentario.es\/fr\/wp-json\/wp\/v2\/users\/1"}],"replies":[{"embeddable":true,"href":"https:\/\/www.palaciorealtestamentario.es\/fr\/wp-json\/wp\/v2\/comments?post=751"}],"version-history":[{"count":5,"href":"https:\/\/www.palaciorealtestamentario.es\/fr\/wp-json\/wp\/v2\/pages\/751\/revisions"}],"predecessor-version":[{"id":2839,"href":"https:\/\/www.palaciorealtestamentario.es\/fr\/wp-json\/wp\/v2\/pages\/751\/revisions\/2839"}],"wp:attachment":[{"href":"https:\/\/www.palaciorealtestamentario.es\/fr\/wp-json\/wp\/v2\/media?parent=751"}],"curies":[{"name":"wp","href":"https:\/\/api.w.org\/{rel}","templated":true}]}}