{"id":745,"date":"2017-11-02T19:27:47","date_gmt":"2017-11-02T19:27:47","guid":{"rendered":"https:\/\/www.palaciorealtestamentario.es\/?page_id=745"},"modified":"2017-11-07T08:17:50","modified_gmt":"2017-11-07T08:17:50","slug":"le-palais-royalt-estamentaire","status":"publish","type":"page","link":"https:\/\/www.palaciorealtestamentario.es\/fr\/le-palais-royalt-estamentaire\/","title":{"rendered":"LE PALAIS ROYAL TESTAMENTARIE"},"content":{"rendered":"<p>[et_pb_section bb_built=\u00a0\u00bb1&Prime; admin_label=\u00a0\u00bbSecci\u00f3n\u00a0\u00bb custom_padding=\u00a0\u00bb0px|0px|0px|0px\u00a0\u00bb specialty=\u00a0\u00bbon\u00a0\u00bb parallax_1=\u00a0\u00bboff\u00a0\u00bb parallax_2=\u00a0\u00bboff\u00a0\u00bb parallax_method_1=\u00a0\u00bboff\u00a0\u00bb parallax_method_2=\u00a0\u00bboff\u00a0\u00bb padding_top_1=\u00a0\u00bb0px\u00a0\u00bb padding_bottom_1=\u00a0\u00bb0px\u00a0\u00bb transparent_background=\u00a0\u00bboff\u00a0\u00bb background_color=\u00a0\u00bb#e5e5e5&Prime; allow_player_pause=\u00a0\u00bboff\u00a0\u00bb inner_shadow=\u00a0\u00bboff\u00a0\u00bb parallax=\u00a0\u00bboff\u00a0\u00bb parallax_method=\u00a0\u00bbon\u00a0\u00bb make_fullwidth=\u00a0\u00bboff\u00a0\u00bb use_custom_width=\u00a0\u00bboff\u00a0\u00bb width_unit=\u00a0\u00bbon\u00a0\u00bb make_equal=\u00a0\u00bboff\u00a0\u00bb use_custom_gutter=\u00a0\u00bboff\u00a0\u00bb][et_pb_column type=\u00a0\u00bb1_4&Prime;][et_pb_text admin_label=\u00a0\u00bbLateralReina\u00a0\u00bb disabled_on=\u00a0\u00bbon|on|off\u00a0\u00bb header_font_size=\u00a0\u00bb1px\u00a0\u00bb text_font_size=\u00a0\u00bb1px\u00a0\u00bb text_line_height=\u00a0\u00bb1em\u00a0\u00bb custom_margin=\u00a0\u00bb0px||0px|\u00a0\u00bb custom_padding=\u00a0\u00bb0px||0px|\u00a0\u00bb global_module=\u00a0\u00bb211&Prime; saved_tabs=\u00a0\u00bball\u00a0\u00bb]<\/p>\n<p><img loading=\"lazy\" decoding=\"async\" class=\"alignnone wp-image-209 size-full\" src=\"https:\/\/www.palaciorealtestamentario.es\/wp-content\/uploads\/2017\/03\/lateralreina1.jpg\" alt=\"\" width=\"359\" height=\"3016\" \/><\/p>\n<p>[\/et_pb_text][et_pb_text admin_label=\u00a0\u00bbTexto\u00a0\u00bb disabled_on=\u00a0\u00bbon||\u00a0\u00bb header_font_size=\u00a0\u00bb1px\u00a0\u00bb custom_margin=\u00a0\u00bb0px||0px|\u00a0\u00bb custom_padding=\u00a0\u00bb0px||0px|\u00a0\u00bb]<\/p>\n<p><img loading=\"lazy\" decoding=\"async\" class=\"size-full wp-image-216 aligncenter\" src=\"https:\/\/www.palaciorealtestamentario.es\/wp-content\/uploads\/2017\/03\/lateralgris.jpg\" alt=\"\" width=\"358\" height=\"808\" \/><\/p>\n<p>[\/et_pb_text][\/et_pb_column][et_pb_column type=\u00a0\u00bb3_4&Prime; specialty_columns=\u00a0\u00bb3&Prime;][et_pb_row_inner admin_label=\u00a0\u00bbFila\u00a0\u00bb custom_padding=\u00a0\u00bb54px|0px|29.6833px|0px\u00a0\u00bb][et_pb_column_inner type=\u00a0\u00bb4_4&Prime; saved_specialty_column_type=\u00a0\u00bb3_4&Prime;][et_pb_post_title admin_label=\u00a0\u00bbT\u00edtulo de publicaci\u00f3n\u00a0\u00bb meta=\u00a0\u00bboff\u00a0\u00bb custom_margin=\u00a0\u00bb0px|||0px\u00a0\u00bb \/][et_pb_text admin_label=\u00a0\u00bbTexto\u00a0\u00bb background_layout=\u00a0\u00bblight\u00a0\u00bb text_orientation=\u00a0\u00bbleft\u00a0\u00bb use_border_color=\u00a0\u00bboff\u00a0\u00bb border_color=\u00a0\u00bb#ffffff\u00a0\u00bb border_style=\u00a0\u00bbsolid\u00a0\u00bb]<\/p>\n<blockquote><p>Les restes de l\u2019ancien Palais Royal de Medina del Campo (d\u00e9clar\u00e9 bien d\u2019int\u00e9r\u00eat culturel en 2003) abritent aujourd\u2019hui le Centre d\u2019Interpr\u00e9tation de la reine Isabelle I de Castille, ayant \u00e9t\u00e9 une h\u00f4te habituelle de ces lieux. Elle y dicta son testament et son codicille et y mourut le 26 novembre 1504.<\/p><\/blockquote>\n<p>[\/et_pb_text][et_pb_text admin_label=\u00a0\u00bbTexto\u00a0\u00bb background_layout=\u00a0\u00bblight\u00a0\u00bb text_orientation=\u00a0\u00bbleft\u00a0\u00bb use_border_color=\u00a0\u00bboff\u00a0\u00bb border_color=\u00a0\u00bb#ffffff\u00a0\u00bb border_style=\u00a0\u00bbsolid\u00a0\u00bb]<\/p>\n<h4><em><span style=\"color: #660101;\"><strong>Le palais, une grande et magnifique demeure remplie de richesse.<\/strong><\/span><\/em><\/h4>\n<p>[\/et_pb_text][\/et_pb_column_inner][\/et_pb_row_inner][et_pb_row_inner admin_label=\u00a0\u00bbFila\u00a0\u00bb][et_pb_column_inner type=\u00a0\u00bb1_2&Prime; saved_specialty_column_type=\u00a0\u00bb3_4&Prime;][et_pb_text admin_label=\u00a0\u00bbTexto\u00a0\u00bb background_layout=\u00a0\u00bblight\u00a0\u00bb text_orientation=\u00a0\u00bbleft\u00a0\u00bb use_border_color=\u00a0\u00bboff\u00a0\u00bb border_color=\u00a0\u00bb#ffffff\u00a0\u00bb border_style=\u00a0\u00bbsolid\u00a0\u00bb]<\/p>\n<p>Les premi\u00e8res r\u00e9f\u00e9rences historiques que nous avons sur l\u2019existence de ce palais sont du XIV\u00e8me si\u00e8cle, plus pr\u00e9cis\u00e9ment c\u2019est dans un document du roi de Castille Pedro I (1350-1369) que le Palais est mentionn\u00e9 pour la premi\u00e8re fois:<\/p>\n<p><span style=\"color: #800000;\"><em><strong>\u00abfizo matar en su palacio, en la siesta, a Pero Ruy Villegas&#8230; e a Sancho Ruy de Rojas\u00bb,<\/strong><\/em><\/span><\/p>\n<p>Post\u00e9rieurement, \u00e0 l\u2019\u00e9poque des Trastamara, nous poss\u00e9dons de multiples r\u00e9f\u00e9rences aux s\u00e9jours des rois de Castille dans ce palais. Depuis de XIV\u00e8me si\u00e8cle, il f\u00fbt le t\u00e9moin de mariages royaux, des c\u00e9l\u00e9brations des Cours, de batailles, de ferias sur sa place\u2026 Medina jouissait d\u2019une ambiance tr\u00e8s ouverte et internationale.<\/p>\n<p>[\/et_pb_text][et_pb_text admin_label=\u00a0\u00bbTexto\u00a0\u00bb background_layout=\u00a0\u00bblight\u00a0\u00bb text_orientation=\u00a0\u00bbleft\u00a0\u00bb use_border_color=\u00a0\u00bboff\u00a0\u00bb border_color=\u00a0\u00bb#ffffff\u00a0\u00bb border_style=\u00a0\u00bbsolid\u00a0\u00bb]<\/p>\n<p>Il accueillit \u00e9galement d\u2019importants \u00e9v\u00e8nements de la couronne d\u2019Aragon quand Fernando de Antequera, r\u00e9sident habituel de ce palais, Seigneur de Medina et petit fr\u00e8re du roi Enrique III de Castille, se proclama roi d\u2019Aragon. Mais \u00e9galement la naissance en ces lieux en 1394 d\u2019Alfonso V d\u2019Aragon et en 1397 de Juan II de Navarre et Aragon (p\u00e8re de Fernando de Catholique).<\/p>\n<p style=\"text-align: justify;\">Fernando I d\u2019Aragon transforma le Palais en le dotant de grandeur, objet de mention par L\u00e9on de Rosmital dans son livre de voyage de 1465 :<\/p>\n<p style=\"text-align: justify;\"><strong><em><span style=\"color: #800000;\">\u201cIl y a une grande et magnifique demeure remplie de richesse, dans laquelle naquirent deux rois, l\u2019un d\u2019Aragon et l\u2019autre de Navarre\u201d<\/span><\/em><\/strong><\/p>\n<p>[\/et_pb_text][\/et_pb_column_inner][et_pb_column_inner type=\u00a0\u00bb1_2&Prime; saved_specialty_column_type=\u00a0\u00bb3_4&Prime;][et_pb_image admin_label=\u00a0\u00bbImagen\u00a0\u00bb src=\u00a0\u00bbhttps:\/\/www.palaciorealtestamentario.es\/wp-content\/uploads\/2017\/03\/sobrepalacio1.jpg\u00a0\u00bb alt=\u00a0\u00bbSala del Testamento\u00a0\u00bb \/][\/et_pb_column_inner][\/et_pb_row_inner][et_pb_row_inner admin_label=\u00a0\u00bbFila\u00a0\u00bb][et_pb_column_inner type=\u00a0\u00bb4_4&Prime; saved_specialty_column_type=\u00a0\u00bb3_4&Prime;][et_pb_divider admin_label=\u00a0\u00bbSeparador\u00a0\u00bb color=\u00a0\u00bb#af3418&Prime; show_divider=\u00a0\u00bbon\u00a0\u00bb divider_style=\u00a0\u00bbsolid\u00a0\u00bb divider_position=\u00a0\u00bbtop\u00a0\u00bb disabled_on=\u00a0\u00bbon|on|\u00a0\u00bb \/][et_pb_text admin_label=\u00a0\u00bbTexto\u00a0\u00bb background_layout=\u00a0\u00bblight\u00a0\u00bb text_orientation=\u00a0\u00bbleft\u00a0\u00bb use_border_color=\u00a0\u00bboff\u00a0\u00bb border_color=\u00a0\u00bb#ffffff\u00a0\u00bb border_style=\u00a0\u00bbsolid\u00a0\u00bb]<\/p>\n<p class=\"font_6\"><strong><span style=\"color: #800000;\"><em>Les Rois Catholiques, surement les r\u00e9sidents les plus importants, \u00e9lurent le palais Royal de Medina comme l\u2019une des ses r\u00e9sidences habituelles. Ils y v\u00e9curent pendant de longues p\u00e9riodes. Il s\u2019y dicta le testament de la Reine Isabelle la Catholique avant sa mort en ces lieux le 26 novembre 1504.<\/em><\/span><\/strong><\/p>\n<p>[\/et_pb_text][\/et_pb_column_inner][\/et_pb_row_inner][et_pb_row_inner admin_label=\u00a0\u00bbFila\u00a0\u00bb][et_pb_column_inner type=\u00a0\u00bb1_2&Prime; saved_specialty_column_type=\u00a0\u00bb3_4&Prime;][et_pb_text admin_label=\u00a0\u00bbTexto\u00a0\u00bb background_layout=\u00a0\u00bblight\u00a0\u00bb text_orientation=\u00a0\u00bbleft\u00a0\u00bb use_border_color=\u00a0\u00bboff\u00a0\u00bb border_color=\u00a0\u00bb#ffffff\u00a0\u00bb border_style=\u00a0\u00bbsolid\u00a0\u00bb]<\/p>\n<p style=\"text-align: center;\"><strong><em>ISABELLE \u00c0<\/em> MEDINA DEL CAMPO<\/strong><\/p>\n<p>Pendant son enfance, Isabelle venait souvent \u00e0 Medina del Campo. En deux occasions, ses fr\u00e8res lui ont offert cette ville: en 1467 par l\u2019infant Alfonso, son petit fr\u00e8re et un an plus tard par le roi Enrique IV, son fr\u00e8re ain\u00e9.\u200bLa cour des Rois Catholiques \u00e9tait itin\u00e9rante mais Medina et son palais apparaissent comme une des leurs principales destinations et moments de pause comme la Semaine Sainte, No\u00ebl et la p\u00e9riode estivale. Medina a toujours \u00e9t\u00e9 fid\u00e8le \u00e0 sa reine, ce pourquoi elle octroya \u00e0 la ville des exemptions fiscales.<\/p>\n<p>Cependant, l\u2019\u00e9v\u00e8nement qui va faire connaitre le palais est, sans aucun doute, le fait qu\u2019il f\u00fbt choisit par la reine pour y passer les derniers mois de sa vie, y dicter son testament et son codicille et y mourir le 26 novembre 1504.Le dernier \u00e9v\u00e8nement qui se v\u00e9cut entre ces murs f\u00fbt la proclamation de Juana I (sa fille) comme Reine de Castille en son absence car elle \u00e9tait toujours en Flandres. Apr\u00e8s la mort d\u2019Isabelle, Fernando le Catholique y r\u00e9sida en quelques occasions. L\u2019imp\u00e9ratrice Isabelle, \u00e9pouse de Charles Quint, y v\u00e9cut en 1552 mais \u00e9galement Felipe II \u00e0 la fin du XVI\u00e8me si\u00e8cle<\/p>\n<p style=\"text-align: justify;\"><img loading=\"lazy\" decoding=\"async\" class=\"wp-image-408 aligncenter\" src=\"https:\/\/www.palaciorealtestamentario.es\/wp-content\/uploads\/2017\/06\/firmaisabel.png\" alt=\"\" width=\"378\" height=\"131\" \/><\/p>\n<p>[\/et_pb_text][et_pb_image admin_label=\u00a0\u00bbImagen\u00a0\u00bb src=\u00a0\u00bbhttps:\/\/www.palaciorealtestamentario.es\/wp-content\/uploads\/2017\/04\/sobrepalacio4.jpg\u00a0\u00bb align=\u00a0\u00bbcenter\u00a0\u00bb \/][\/et_pb_column_inner][et_pb_column_inner type=\u00a0\u00bb1_2&Prime; saved_specialty_column_type=\u00a0\u00bb3_4&Prime;][et_pb_image admin_label=\u00a0\u00bbImagen\u00a0\u00bb src=\u00a0\u00bbhttps:\/\/www.palaciorealtestamentario.es\/wp-content\/uploads\/2017\/03\/sobrepalacio3.jpg\u00a0\u00bb align=\u00a0\u00bbcenter\u00a0\u00bb \/][et_pb_text admin_label=\u00a0\u00bbTexto\u00a0\u00bb background_layout=\u00a0\u00bblight\u00a0\u00bb text_orientation=\u00a0\u00bbleft\u00a0\u00bb use_border_color=\u00a0\u00bboff\u00a0\u00bb border_color=\u00a0\u00bb#ffffff\u00a0\u00bb border_style=\u00a0\u00bbsolid\u00a0\u00bb]<\/p>\n<p style=\"text-align: center;\"><strong><em>CARACTER\u00cdSTIQUES DU TESTAMENT ET CODICILLE DE LA REINE ISABELLE<\/em><\/strong><\/p>\n<p>&nbsp;<\/p>\n<p>Le 12 octobre 1504, Isabelle dicta son testament \u00e0 son notaire et scribe Gaspar de Gri\u00e7io. Le 23 novembre de cette m\u00eame ann\u00e9e, elle le modifia et agrandit certaines parties avec un codicille.<\/p>\n<p>Le testament est de type ferm\u00e9, \u00a0\u00bb testamento in scriptis \u00ab\u00a0. \u00a0Cela signifie que le testamentaire (la reine) dicta son testament en priv\u00e9 ou en secret. Une fois termin\u00e9, le document se plia et se ferma avec sept cordes, laissant les bouts suspendus pour mettre les sceaux des t\u00e9moins. Le testament f\u00fbt \u00e9crit sur un parchemin de cuir, pli\u00e9 en deux en forme de livre de 5 feuilles, avec 19 faces \u00e9crites en lettres humanistiques courtisanes (type d\u2019\u00e9criture) et laissant la premi\u00e8re page blanche afin que les sept t\u00e9moins convoqu\u00e9s signent.<\/p>\n<p>La reine Isabelle, apr\u00e8s avoir m\u00e9dit\u00e9 ses derni\u00e8res volont\u00e9s, ajouta et pr\u00e9cisa dans son codicille certaines questions qui compl\u00e8teront le testament. Le codicille a la m\u00eame forme que le testament, avec 2 feuilles et 6 faces \u00e9crites et d\u00e9cor\u00e9es avec des lettres capitulaires de forme v\u00e9g\u00e9tale et d\u00e9grad\u00e9 au d\u00e9but.<\/p>\n<p>[\/et_pb_text][\/et_pb_column_inner][\/et_pb_row_inner][et_pb_row_inner admin_label=\u00a0\u00bbFila\u00a0\u00bb][et_pb_column_inner type=\u00a0\u00bb1_2&Prime; saved_specialty_column_type=\u00a0\u00bb3_4&Prime;][et_pb_text admin_label=\u00a0\u00bbTexto\u00a0\u00bb background_layout=\u00a0\u00bblight\u00a0\u00bb text_orientation=\u00a0\u00bbleft\u00a0\u00bb use_border_color=\u00a0\u00bboff\u00a0\u00bb border_color=\u00a0\u00bb#ffffff\u00a0\u00bb border_style=\u00a0\u00bbsolid\u00a0\u00bb]<\/p>\n<p style=\"text-align: center;\"><strong>Un palaix aux divers usages<\/strong><\/p>\n<p>Apr\u00e8s la mort d\u2019Isabelle la Catholique, la r\u00e9sidence eut divers usages: b\u00e2timent commercial (en relation avec les ferias qui avait lieux sur la place principale), prison, d\u00e9pendances de la mairie,\u2026 jusqu\u2019\u00e0 ce qu\u2019il soit d\u00e9clar\u00e9 Bien d\u2019Int\u00e9r\u00eat Culturel comme Site Historique par le Conseil R\u00e9gional de Castille et L\u00e9on le 21 mai 2003, \u00e9tant reconnut comme lieu o\u00f9 la reine Isabelle la Catholique v\u00e9cut le plus longtemps et o\u00f9 elle d\u00e9c\u00e9da en 1504.<\/p>\n<p>Le 26 novembre 2003, apr\u00e8s une restauration int\u00e9grale du b\u00e2timent et un dur travail, le Palais Royal Testamentaire ouvrit ses portes comme Centre d\u2019Interpr\u00e9tation du personnage historique de la reine Isabelle la Catholique. Il s\u2019offre au visiteur une vision globale du sens et de l\u2019importance historique de la reine. Gr\u00e2ce aux vid\u00e9os et moyens interactifs, on d\u00e9couvre les diff\u00e9rents aspects de sa vie (enfance, jeunesse, r\u00e8gne, spiritualit\u00e9,\u2026), une r\u00e9plique de son testament et codicille et finalement, la repr\u00e9sentation de la chambre qui appara\u00eet dans le tableau d\u2019Eduardo Rosales \u00ab\u00a0Do\u00f1a Isabelle la Catholique dictant son testament\u00a0\u00bb de 1864.<\/p>\n<p>Le Centre d\u2019Interpr\u00e9tation s\u2019est agrandit en 2007 avec une salle interactive qui explique les d\u00e9tails du troisi\u00e8me voyage de Christophe Colon aux Am\u00e9riques, vu que cette derni\u00e8re exp\u00e9dition fut d\u00e9cid\u00e9e et organis\u00e9e en grande partie par les Rois catholiques entre les murs de ce Palais.<\/p>\n<p>[\/et_pb_text][\/et_pb_column_inner][et_pb_column_inner type=\u00a0\u00bb1_2&Prime; saved_specialty_column_type=\u00a0\u00bb3_4&Prime;][et_pb_image admin_label=\u00a0\u00bbImagen\u00a0\u00bb src=\u00a0\u00bbhttps:\/\/www.palaciorealtestamentario.es\/wp-content\/uploads\/2017\/03\/sobrepalacio5.jpg\u00a0\u00bb align=\u00a0\u00bbcenter\u00a0\u00bb \/][et_pb_image admin_label=\u00a0\u00bbImagen\u00a0\u00bb src=\u00a0\u00bbhttps:\/\/www.palaciorealtestamentario.es\/wp-content\/uploads\/2017\/04\/sobrepalacio6.jpg\u00a0\u00bb align=\u00a0\u00bbcenter\u00a0\u00bb \/][et_pb_text admin_label=\u00a0\u00bbTexto\u00a0\u00bb background_layout=\u00a0\u00bblight\u00a0\u00bb text_orientation=\u00a0\u00bbleft\u00a0\u00bb use_border_color=\u00a0\u00bboff\u00a0\u00bb border_color=\u00a0\u00bb#ffffff\u00a0\u00bb border_style=\u00a0\u00bbsolid\u00a0\u00bb \/][\/et_pb_column_inner][\/et_pb_row_inner][\/et_pb_column][\/et_pb_section]<\/p>\n","protected":false},"excerpt":{"rendered":"<p>Les restes de l\u2019ancien Palais Royal de Medina del Campo (d\u00e9clar\u00e9 bien d\u2019int\u00e9r\u00eat culturel en 2003) abritent aujourd\u2019hui le Centre d\u2019Interpr\u00e9tation de la reine Isabelle I de Castille, ayant \u00e9t\u00e9 une h\u00f4te habituelle de ces lieux. Elle y dicta son testament et son codicille et y mourut le 26 novembre 1504. Le palais, une grande [&hellip;]<\/p>\n","protected":false},"author":1,"featured_media":0,"parent":0,"menu_order":0,"comment_status":"closed","ping_status":"closed","template":"","meta":{"_et_pb_use_builder":"on","_et_pb_old_content":"","_et_gb_content_width":"","footnotes":""},"class_list":["post-745","page","type-page","status-publish","hentry"],"yoast_head":"<!-- This site is optimized with the Yoast SEO plugin v27.4 - https:\/\/yoast.com\/product\/yoast-seo-wordpress\/ -->\n<title>LE PALAIS ROYAL TESTAMENTARIE - Palacio Real Testamentario<\/title>\n<meta name=\"robots\" content=\"index, follow, max-snippet:-1, max-image-preview:large, max-video-preview:-1\" \/>\n<link rel=\"canonical\" href=\"https:\/\/www.palaciorealtestamentario.es\/sobre-el-palacio\/\" \/>\n<meta property=\"og:locale\" content=\"fr_FR\" \/>\n<meta property=\"og:type\" content=\"article\" \/>\n<meta property=\"og:title\" content=\"LE PALAIS ROYAL TESTAMENTARIE - Palacio Real Testamentario\" \/>\n<meta property=\"og:description\" content=\"Les restes de l\u2019ancien Palais Royal de Medina del Campo (d\u00e9clar\u00e9 bien d\u2019int\u00e9r\u00eat culturel en 2003) abritent aujourd\u2019hui le Centre d\u2019Interpr\u00e9tation de la reine Isabelle I de Castille, ayant \u00e9t\u00e9 une h\u00f4te habituelle de ces lieux. Elle y dicta son testament et son codicille et y mourut le 26 novembre 1504. Le palais, une grande [&hellip;]\" \/>\n<meta property=\"og:url\" content=\"https:\/\/www.palaciorealtestamentario.es\/sobre-el-palacio\/\" \/>\n<meta property=\"og:site_name\" content=\"Palacio Real Testamentario\" \/>\n<meta property=\"article:publisher\" content=\"https:\/\/www.facebook.com\/PalacioYsabel\/\" \/>\n<meta property=\"article:modified_time\" content=\"2017-11-07T08:17:50+00:00\" \/>\n<meta property=\"og:image\" content=\"https:\/\/www.palaciorealtestamentario.es\/wp-content\/uploads\/2017\/03\/lateralreina1.jpg\" \/>\n<meta name=\"twitter:card\" content=\"summary_large_image\" \/>\n<meta name=\"twitter:site\" content=\"@PalacioYsabel\" \/>\n<meta name=\"twitter:label1\" content=\"Dur\u00e9e de lecture estim\u00e9e\" \/>\n\t<meta name=\"twitter:data1\" content=\"8 minutes\" \/>\n<script type=\"application\/ld+json\" class=\"yoast-schema-graph\">{\"@context\":\"https:\\\/\\\/schema.org\",\"@graph\":[{\"@type\":\"WebPage\",\"@id\":\"https:\\\/\\\/www.palaciorealtestamentario.es\\\/sobre-el-palacio\\\/\",\"url\":\"https:\\\/\\\/www.palaciorealtestamentario.es\\\/sobre-el-palacio\\\/\",\"name\":\"LE PALAIS ROYAL TESTAMENTARIE - Palacio Real Testamentario\",\"isPartOf\":{\"@id\":\"https:\\\/\\\/www.palaciorealtestamentario.es\\\/#website\"},\"primaryImageOfPage\":{\"@id\":\"https:\\\/\\\/www.palaciorealtestamentario.es\\\/sobre-el-palacio\\\/#primaryimage\"},\"image\":{\"@id\":\"https:\\\/\\\/www.palaciorealtestamentario.es\\\/sobre-el-palacio\\\/#primaryimage\"},\"thumbnailUrl\":\"https:\\\/\\\/www.palaciorealtestamentario.es\\\/wp-content\\\/uploads\\\/2017\\\/03\\\/lateralreina1.jpg\",\"datePublished\":\"2017-11-02T19:27:47+00:00\",\"dateModified\":\"2017-11-07T08:17:50+00:00\",\"breadcrumb\":{\"@id\":\"https:\\\/\\\/www.palaciorealtestamentario.es\\\/sobre-el-palacio\\\/#breadcrumb\"},\"inLanguage\":\"fr-FR\",\"potentialAction\":[{\"@type\":\"ReadAction\",\"target\":[\"https:\\\/\\\/www.palaciorealtestamentario.es\\\/sobre-el-palacio\\\/\"]}]},{\"@type\":\"ImageObject\",\"inLanguage\":\"fr-FR\",\"@id\":\"https:\\\/\\\/www.palaciorealtestamentario.es\\\/sobre-el-palacio\\\/#primaryimage\",\"url\":\"https:\\\/\\\/www.palaciorealtestamentario.es\\\/wp-content\\\/uploads\\\/2017\\\/03\\\/lateralreina1.jpg\",\"contentUrl\":\"https:\\\/\\\/www.palaciorealtestamentario.es\\\/wp-content\\\/uploads\\\/2017\\\/03\\\/lateralreina1.jpg\"},{\"@type\":\"BreadcrumbList\",\"@id\":\"https:\\\/\\\/www.palaciorealtestamentario.es\\\/sobre-el-palacio\\\/#breadcrumb\",\"itemListElement\":[{\"@type\":\"ListItem\",\"position\":1,\"name\":\"Portada\",\"item\":\"https:\\\/\\\/www.palaciorealtestamentario.es\\\/fr\\\/\"},{\"@type\":\"ListItem\",\"position\":2,\"name\":\"LE PALAIS ROYAL TESTAMENTARIE\"}]},{\"@type\":\"WebSite\",\"@id\":\"https:\\\/\\\/www.palaciorealtestamentario.es\\\/#website\",\"url\":\"https:\\\/\\\/www.palaciorealtestamentario.es\\\/\",\"name\":\"Palacio Real Testamentario\",\"description\":\"Palacio Real Testamentario de Isabel la Catolica\",\"publisher\":{\"@id\":\"https:\\\/\\\/www.palaciorealtestamentario.es\\\/#organization\"},\"potentialAction\":[{\"@type\":\"SearchAction\",\"target\":{\"@type\":\"EntryPoint\",\"urlTemplate\":\"https:\\\/\\\/www.palaciorealtestamentario.es\\\/?s={search_term_string}\"},\"query-input\":{\"@type\":\"PropertyValueSpecification\",\"valueRequired\":true,\"valueName\":\"search_term_string\"}}],\"inLanguage\":\"fr-FR\"},{\"@type\":\"Organization\",\"@id\":\"https:\\\/\\\/www.palaciorealtestamentario.es\\\/#organization\",\"name\":\"Palacio Real Testamentario\",\"url\":\"https:\\\/\\\/www.palaciorealtestamentario.es\\\/\",\"logo\":{\"@type\":\"ImageObject\",\"inLanguage\":\"fr-FR\",\"@id\":\"https:\\\/\\\/www.palaciorealtestamentario.es\\\/#\\\/schema\\\/logo\\\/image\\\/\",\"url\":\"https:\\\/\\\/www.palaciorealtestamentario.es\\\/wp-content\\\/uploads\\\/2017\\\/08\\\/logowebpalacio.png\",\"contentUrl\":\"https:\\\/\\\/www.palaciorealtestamentario.es\\\/wp-content\\\/uploads\\\/2017\\\/08\\\/logowebpalacio.png\",\"width\":1024,\"height\":117,\"caption\":\"Palacio Real Testamentario\"},\"image\":{\"@id\":\"https:\\\/\\\/www.palaciorealtestamentario.es\\\/#\\\/schema\\\/logo\\\/image\\\/\"},\"sameAs\":[\"https:\\\/\\\/www.facebook.com\\\/PalacioYsabel\\\/\",\"https:\\\/\\\/x.com\\\/PalacioYsabel\",\"https:\\\/\\\/www.instagram.com\\\/palacio_ysabel\\\/?hl=es\"]}]}<\/script>\n<!-- \/ Yoast SEO plugin. -->","yoast_head_json":{"title":"LE PALAIS ROYAL TESTAMENTARIE - Palacio Real Testamentario","robots":{"index":"index","follow":"follow","max-snippet":"max-snippet:-1","max-image-preview":"max-image-preview:large","max-video-preview":"max-video-preview:-1"},"canonical":"https:\/\/www.palaciorealtestamentario.es\/sobre-el-palacio\/","og_locale":"fr_FR","og_type":"article","og_title":"LE PALAIS ROYAL TESTAMENTARIE - Palacio Real Testamentario","og_description":"Les restes de l\u2019ancien Palais Royal de Medina del Campo (d\u00e9clar\u00e9 bien d\u2019int\u00e9r\u00eat culturel en 2003) abritent aujourd\u2019hui le Centre d\u2019Interpr\u00e9tation de la reine Isabelle I de Castille, ayant \u00e9t\u00e9 une h\u00f4te habituelle de ces lieux. Elle y dicta son testament et son codicille et y mourut le 26 novembre 1504. Le palais, une grande [&hellip;]","og_url":"https:\/\/www.palaciorealtestamentario.es\/sobre-el-palacio\/","og_site_name":"Palacio Real Testamentario","article_publisher":"https:\/\/www.facebook.com\/PalacioYsabel\/","article_modified_time":"2017-11-07T08:17:50+00:00","og_image":[{"url":"https:\/\/www.palaciorealtestamentario.es\/wp-content\/uploads\/2017\/03\/lateralreina1.jpg","type":"","width":"","height":""}],"twitter_card":"summary_large_image","twitter_site":"@PalacioYsabel","twitter_misc":{"Dur\u00e9e de lecture estim\u00e9e":"8 minutes"},"schema":{"@context":"https:\/\/schema.org","@graph":[{"@type":"WebPage","@id":"https:\/\/www.palaciorealtestamentario.es\/sobre-el-palacio\/","url":"https:\/\/www.palaciorealtestamentario.es\/sobre-el-palacio\/","name":"LE PALAIS ROYAL TESTAMENTARIE - Palacio Real Testamentario","isPartOf":{"@id":"https:\/\/www.palaciorealtestamentario.es\/#website"},"primaryImageOfPage":{"@id":"https:\/\/www.palaciorealtestamentario.es\/sobre-el-palacio\/#primaryimage"},"image":{"@id":"https:\/\/www.palaciorealtestamentario.es\/sobre-el-palacio\/#primaryimage"},"thumbnailUrl":"https:\/\/www.palaciorealtestamentario.es\/wp-content\/uploads\/2017\/03\/lateralreina1.jpg","datePublished":"2017-11-02T19:27:47+00:00","dateModified":"2017-11-07T08:17:50+00:00","breadcrumb":{"@id":"https:\/\/www.palaciorealtestamentario.es\/sobre-el-palacio\/#breadcrumb"},"inLanguage":"fr-FR","potentialAction":[{"@type":"ReadAction","target":["https:\/\/www.palaciorealtestamentario.es\/sobre-el-palacio\/"]}]},{"@type":"ImageObject","inLanguage":"fr-FR","@id":"https:\/\/www.palaciorealtestamentario.es\/sobre-el-palacio\/#primaryimage","url":"https:\/\/www.palaciorealtestamentario.es\/wp-content\/uploads\/2017\/03\/lateralreina1.jpg","contentUrl":"https:\/\/www.palaciorealtestamentario.es\/wp-content\/uploads\/2017\/03\/lateralreina1.jpg"},{"@type":"BreadcrumbList","@id":"https:\/\/www.palaciorealtestamentario.es\/sobre-el-palacio\/#breadcrumb","itemListElement":[{"@type":"ListItem","position":1,"name":"Portada","item":"https:\/\/www.palaciorealtestamentario.es\/fr\/"},{"@type":"ListItem","position":2,"name":"LE PALAIS ROYAL TESTAMENTARIE"}]},{"@type":"WebSite","@id":"https:\/\/www.palaciorealtestamentario.es\/#website","url":"https:\/\/www.palaciorealtestamentario.es\/","name":"Palacio Real Testamentario","description":"Palacio Real Testamentario de Isabel la Catolica","publisher":{"@id":"https:\/\/www.palaciorealtestamentario.es\/#organization"},"potentialAction":[{"@type":"SearchAction","target":{"@type":"EntryPoint","urlTemplate":"https:\/\/www.palaciorealtestamentario.es\/?s={search_term_string}"},"query-input":{"@type":"PropertyValueSpecification","valueRequired":true,"valueName":"search_term_string"}}],"inLanguage":"fr-FR"},{"@type":"Organization","@id":"https:\/\/www.palaciorealtestamentario.es\/#organization","name":"Palacio Real Testamentario","url":"https:\/\/www.palaciorealtestamentario.es\/","logo":{"@type":"ImageObject","inLanguage":"fr-FR","@id":"https:\/\/www.palaciorealtestamentario.es\/#\/schema\/logo\/image\/","url":"https:\/\/www.palaciorealtestamentario.es\/wp-content\/uploads\/2017\/08\/logowebpalacio.png","contentUrl":"https:\/\/www.palaciorealtestamentario.es\/wp-content\/uploads\/2017\/08\/logowebpalacio.png","width":1024,"height":117,"caption":"Palacio Real Testamentario"},"image":{"@id":"https:\/\/www.palaciorealtestamentario.es\/#\/schema\/logo\/image\/"},"sameAs":["https:\/\/www.facebook.com\/PalacioYsabel\/","https:\/\/x.com\/PalacioYsabel","https:\/\/www.instagram.com\/palacio_ysabel\/?hl=es"]}]}},"_links":{"self":[{"href":"https:\/\/www.palaciorealtestamentario.es\/fr\/wp-json\/wp\/v2\/pages\/745","targetHints":{"allow":["GET"]}}],"collection":[{"href":"https:\/\/www.palaciorealtestamentario.es\/fr\/wp-json\/wp\/v2\/pages"}],"about":[{"href":"https:\/\/www.palaciorealtestamentario.es\/fr\/wp-json\/wp\/v2\/types\/page"}],"author":[{"embeddable":true,"href":"https:\/\/www.palaciorealtestamentario.es\/fr\/wp-json\/wp\/v2\/users\/1"}],"replies":[{"embeddable":true,"href":"https:\/\/www.palaciorealtestamentario.es\/fr\/wp-json\/wp\/v2\/comments?post=745"}],"version-history":[{"count":2,"href":"https:\/\/www.palaciorealtestamentario.es\/fr\/wp-json\/wp\/v2\/pages\/745\/revisions"}],"predecessor-version":[{"id":792,"href":"https:\/\/www.palaciorealtestamentario.es\/fr\/wp-json\/wp\/v2\/pages\/745\/revisions\/792"}],"wp:attachment":[{"href":"https:\/\/www.palaciorealtestamentario.es\/fr\/wp-json\/wp\/v2\/media?parent=745"}],"curies":[{"name":"wp","href":"https:\/\/api.w.org\/{rel}","templated":true}]}}